{"id":443,"date":"2017-12-04T09:46:49","date_gmt":"2017-12-04T08:46:49","guid":{"rendered":"http:\/\/www.website-hk.de\/?page_id=443"},"modified":"2021-01-13T12:04:51","modified_gmt":"2021-01-13T11:04:51","slug":"aktuelles-2020","status":"publish","type":"page","link":"https:\/\/eu-besamungsstation.soederhof.de\/en\/aktuelles-2020\/","title":{"rendered":"Aktuelles 2020"},"content":{"rendered":"<p><a href=\"https:\/\/eu-besamungsstation.soederhof.de\/aktuelles-2021\/\">Aktuelles 2021 &#8211; S\u00f6derhof (soederhof.de)<\/a>Frohes neues Jahr!<\/p>\n<p>&nbsp;<\/p>\n<p><strong><span style=\"font-size: 14pt;\">6. November 2020<\/span><\/strong><\/p>\n<p>Der 3-j\u00e4hrige Trakehnerhengst <a href=\"https:\/\/eu-besamungsstation.soederhof.de\/grenoble\/\">Grenoble<\/a> hat erfolgreich seinen 100-Tage-Test abgelegt und steht den Z\u00fcchtern damit ab sofort uneingeschr\u00e4nkt \u00fcber Frischsamen und TG zur Verf\u00fcgung!<\/p>\n<p><a href=\"https:\/\/eu-besamungsstation.soederhof.de\/wp-content\/uploads\/2020\/03\/Grenoble-Box.jpg\"><img loading=\"lazy\" decoding=\"async\" class=\"alignnone wp-image-2085 size-medium\" src=\"https:\/\/eu-besamungsstation.soederhof.de\/wp-content\/uploads\/2020\/03\/Grenoble-Box-300x300.jpg\" alt=\"\" width=\"300\" height=\"300\" srcset=\"https:\/\/eu-besamungsstation.soederhof.de\/wp-content\/uploads\/2020\/03\/Grenoble-Box-300x300.jpg 300w, https:\/\/eu-besamungsstation.soederhof.de\/wp-content\/uploads\/2020\/03\/Grenoble-Box-150x150.jpg 150w, https:\/\/eu-besamungsstation.soederhof.de\/wp-content\/uploads\/2020\/03\/Grenoble-Box-768x768.jpg 768w, https:\/\/eu-besamungsstation.soederhof.de\/wp-content\/uploads\/2020\/03\/Grenoble-Box.jpg 960w\" sizes=\"auto, (max-width: 300px) 100vw, 300px\" \/><\/a><\/p>\n<p>&nbsp;<\/p>\n<p>&nbsp;<\/p>\n<p><strong><span style=\"font-size: 14pt;\">4. November 2020<\/span><\/strong><\/p>\n<p>Wir freuen uns \u00fcber ein neues Familienmitglied! Rock of Romance (von Rock of Gibraltar a.d. Romantic Venture v. Indian Ridge) ist bereits gek\u00f6rt vom Hannoveraner Verband und wird unsere Hengstriege bereichern. Den &#8220;sch\u00f6nen Rocky&#8221; hat Maria bereits vor 3 Jahren im Rennstall W\u00f6hler entdeckt. Jetzt ist es uns endlich gegl\u00fcckt ihn zu erwerben. Er wird in der Decksaison 2021 den Z\u00fcchtern \u00fcber Frischsperma zur Verf\u00fcgung stehen!<\/p>\n<p><a href=\"https:\/\/eu-besamungsstation.soederhof.de\/wp-content\/uploads\/2020\/11\/Rock-of-Romance.jpg\"><img loading=\"lazy\" decoding=\"async\" class=\"alignnone wp-image-2300 size-large\" src=\"https:\/\/eu-besamungsstation.soederhof.de\/wp-content\/uploads\/2020\/11\/Rock-of-Romance-1024x829.jpg\" alt=\"\" width=\"800\" height=\"648\" \/><\/a><\/p>\n<p>&nbsp;<\/p>\n<p>&nbsp;<\/p>\n<p><span style=\"font-size: 14pt;\"><strong>23. Oktober 2020<\/strong><\/span><\/p>\n<p><a href=\"https:\/\/eu-besamungsstation.soederhof.de\/wp-content\/uploads\/2020\/10\/IMG_3790-scaled.jpg\"><img loading=\"lazy\" decoding=\"async\" class=\"alignnone wp-image-2295 size-large\" src=\"https:\/\/eu-besamungsstation.soederhof.de\/wp-content\/uploads\/2020\/10\/IMG_3790-1024x683.jpg\" alt=\"\" width=\"800\" height=\"534\" srcset=\"https:\/\/eu-besamungsstation.soederhof.de\/wp-content\/uploads\/2020\/10\/IMG_3790-1024x683.jpg 1024w, https:\/\/eu-besamungsstation.soederhof.de\/wp-content\/uploads\/2020\/10\/IMG_3790-300x200.jpg 300w, https:\/\/eu-besamungsstation.soederhof.de\/wp-content\/uploads\/2020\/10\/IMG_3790-768x512.jpg 768w, https:\/\/eu-besamungsstation.soederhof.de\/wp-content\/uploads\/2020\/10\/IMG_3790-1536x1024.jpg 1536w, https:\/\/eu-besamungsstation.soederhof.de\/wp-content\/uploads\/2020\/10\/IMG_3790-2048x1365.jpg 2048w\" sizes=\"auto, (max-width: 800px) 100vw, 800px\" \/><\/a><\/p>\n<p>Der von uns gezogene 2j. Hengst Wadjib Aman Ai (Tertullian (USA) &#8211; Wave Goodbye) konnte in seiner ersten Saison schon erstaunliche Erfolge verbuchen. Seine bisherige Formkurve liest sich 1-1-2-1. In Kazakhstan auf dem Hippodrom von Almaty konnte er unter anderem auch den Preis des Winterfavoriten f\u00fcr sich entscheiden. Wir gratulieren seinen Besitzern, die ihn auf der BBAG-Auktion 2019 entdeckt haben, ganz herzlich und sind gespannt auf seine weitere Karriere.<\/p>\n<p>&nbsp;<\/p>\n<p>&nbsp;<\/p>\n<p><strong><span style=\"font-size: 14pt;\">22. Oktober 2020<\/span> <\/strong><\/p>\n<p><strong><span class=\"d2edcug0 hpfvmrgz qv66sw1b c1et5uql rrkovp55 a8c37x1j keod5gw0 nxhoafnm aigsh9s9 d3f4x2em fe6kdd0r mau55g9w c8b282yb iv3no6db jq4qci2q a3bd9o3v knj5qynh oo9gr5id hzawbc8m\" dir=\"auto\">Wir sind sehr stolz auf unsere Auszubildende Karina K\u00fctzemeier die heute ihre Ausbildung zur Pferdewirtin Fachrichtung Klassische Reitausbildung erfolgreich bestanden hat!<span class=\"pq6dq46d tbxw36s4 knj5qynh kvgmc6g5 ditlmg2l oygrvhab nvdbi5me sf5mxxl7 gl3lb2sf hhz5lgdu\"><img loading=\"lazy\" decoding=\"async\" src=\"https:\/\/static.xx.fbcdn.net\/images\/emoji.php\/v9\/t58\/1\/16\/1f929.png\" alt=\"\ud83e\udd29\" width=\"16\" height=\"16\" \/><\/span><span class=\"pq6dq46d tbxw36s4 knj5qynh kvgmc6g5 ditlmg2l oygrvhab nvdbi5me sf5mxxl7 gl3lb2sf hhz5lgdu\"><img loading=\"lazy\" decoding=\"async\" src=\"https:\/\/static.xx.fbcdn.net\/images\/emoji.php\/v9\/t6d\/1\/16\/1f973.png\" alt=\"\ud83e\udd73\" width=\"16\" height=\"16\" \/><\/span><span class=\"pq6dq46d tbxw36s4 knj5qynh kvgmc6g5 ditlmg2l oygrvhab nvdbi5me sf5mxxl7 gl3lb2sf hhz5lgdu\"><img loading=\"lazy\" decoding=\"async\" src=\"https:\/\/static.xx.fbcdn.net\/images\/emoji.php\/v9\/tf\/1\/16\/1f942.png\" alt=\"\ud83e\udd42\" width=\"16\" height=\"16\" \/><\/span> Wir gratulieren ihr ganz herzlich und freuen uns, dass Karina auch weiterhin zu unserem Team geh\u00f6ren wird!<\/span><\/strong><\/p>\n<p><a href=\"https:\/\/eu-besamungsstation.soederhof.de\/wp-content\/uploads\/2020\/10\/Profilbild-Karina.jpeg\"><img loading=\"lazy\" decoding=\"async\" class=\"alignnone wp-image-2292 size-medium\" src=\"https:\/\/eu-besamungsstation.soederhof.de\/wp-content\/uploads\/2020\/10\/Profilbild-Karina-173x300.jpeg\" alt=\"\" width=\"173\" height=\"300\" srcset=\"https:\/\/eu-besamungsstation.soederhof.de\/wp-content\/uploads\/2020\/10\/Profilbild-Karina-173x300.jpeg 173w, https:\/\/eu-besamungsstation.soederhof.de\/wp-content\/uploads\/2020\/10\/Profilbild-Karina-590x1024.jpeg 590w, https:\/\/eu-besamungsstation.soederhof.de\/wp-content\/uploads\/2020\/10\/Profilbild-Karina.jpeg 678w\" sizes=\"auto, (max-width: 173px) 100vw, 173px\" \/><\/a><\/p>\n<p>&nbsp;<\/p>\n<p>&nbsp;<\/p>\n<p><span style=\"font-size: 14pt;\"><strong>23. Juni 2020<\/strong><\/span><\/p>\n<p>&nbsp;<\/p>\n<p><strong><em><span style=\"font-size: 12pt;\">Wichtige Informationen zu unserer Fohlenschau am 1. Juli 2020<\/span><\/em><\/strong><\/p>\n<p>&nbsp;<\/p>\n<p><strong>Informationen zu der Fohlenschau und Dezentralen Stuteneintragung auf dem S\u00f6derhof am 1. Juli 2020!<\/strong><\/p>\n<p>Sehr geehrte Z\u00fcchterInnen des Trakehner Pferdes,<\/p>\n<p>Wegen der Corona-Pandemie sind nat\u00fcrlich zahlreiche Punkte zu beachten, bei denen wir die Besitzer\/Aussteller der teilnehmenden Stuten und Fohlen um Mithilfe bitten:<\/p>\n<p>\u2013 die \u00fcblichen Abstands- und Hygieneregeln sind auf jeden Fall einzuhalten (Mindestabstand 1,5 m untereinander)<\/p>\n<p>\u2013 Pro Stute sind h\u00f6chstens zwei Ausbilder und zwei Besitzer als Begleitung zugelassen.<\/p>\n<p>\u2013 Zuschauer sind leider NICHT zugelassen.<\/p>\n<p>\u2013 Essen und Trinken sind selber mitzubringen, ein Catering vor Ort erfolgt nicht.<\/p>\n<p>\u2013 Es muss ein Datenblatt ausgef\u00fcllt werden, damit im Krankheitsfall m\u00f6gliche Infektionsketten nachverfolgt werden k\u00f6nnen. Die Daten werden 14 Tage nach der Veranstaltung vernichtet. Bitte wenn m\u00f6glich das ausgef\u00fcllte Formular (siehe Download) zur Meldestelle mitbringen.<\/p>\n<p>\u2013 Personen mit erkennbaren Krankheitssymptomen d\u00fcrfen den Veranstaltungsort nicht betreten.<\/p>\n<p>&nbsp;<\/p>\n<p>&nbsp;<\/p>\n<p><span style=\"font-size: 14pt;\"><strong>14. Juni 2020<\/strong><\/span><\/p>\n<p>Ausbildungsplatz Fachrichtung Zucht oder Haltung und Service zu vergeben! Wir sind ein Zucht- und Ausbildungsstall mit EU-Besamungsstation und haben uns spezialisiert auf die Zucht und Ausbildung von Vollbl\u00fctern und hoch im Blut stehenden,vielseitigen Reitpferden. Auf unserer Station stehen 7 Hengste und wir bekommen j\u00e4hrlich zwischen 10 und 15 Fohlen. Wir sind ein kleines und kompetentes Team ( Tierarzt, Pferdewirtschaftsmeisterin Reiten und Zucht und Haltung) und suchen motivierte Unterst\u00fctzung, die Spa\u00df an der Arbeit mit blutgepr\u00e4gten Pferden hat. Kontakt oder Bewerbung bitte an info@soederhof.de oder 05161\/49036<\/p>\n<p>&nbsp;<\/p>\n<p>&nbsp;<\/p>\n<p><span style=\"font-size: 14pt;\"><strong>06. Juni 2020<\/strong><\/span><\/p>\n<p><strong><em>Nachruf auf Duke of Hearts xx von Horst M\u00fcller<\/em><\/strong><\/p>\n<p>&nbsp;<\/p>\n<p><strong>Duke of Hearts xx lebt nicht mehr<\/strong><\/p>\n<p><strong>\u00a0<\/strong><\/p>\n<p>Einer der bedeutensten Hengste f\u00fcr die Vielseitigkeigtspferdezucht ist abgetreten. Nicht nur auf dem S\u00f6derhof, der Adresse f\u00fcr Edelblut, wird der Verlust betrauert.<\/p>\n<p>&nbsp;<\/p>\n<p>Duke of Hearts xx lieferte bis heute 138 bei der FN eingetragene Sportnachkommen. Beim Weltreiterverband sind 22 internationale Nachkommen gelistet.<\/p>\n<p>&nbsp;<\/p>\n<p>Befasst man sich einmal mit den internationalen Ergebnissen in der Vielseitigkeit, so findet man immer wieder erfolgreiche Nachkommen dieses Spitzenvererbers.<\/p>\n<p>&nbsp;<\/p>\n<p>Hat uns das Coronavirus in diesem Jahr einen Strich durch die Rechnung gemacht, finden wir aber im letzten Jahr unter anderem beim CCI4* in Blenheim seinen Sohn Duke of Champion unter den Top Five.<\/p>\n<p>&nbsp;<\/p>\n<p>Im gleichen Stall im Mutterland der Vielseitigkeit ist Duke Legacy ein junger Dreiviertelbl\u00fcter von Duke of Hearts xx beheimatet, der auf gro\u00dfe Aufgaben wartet. Seine j\u00fcngere Vollschwester ist in Deutschland hoch platziert unterwegs.<\/p>\n<p>&nbsp;<\/p>\n<p>Die f\u00fcr Deutschland international erfolg- und siegreiche Duke of Hearts xx Tochter Daytona Beach beschreitet ihren Weg nun in den USA.<\/p>\n<p>&nbsp;<\/p>\n<p>Betrachtet man die Ergebnislisten der ersten in Deutschland stattfindenden Gel\u00e4ndepferdepr\u00fcfungen finden wir auch dort immer wieder platzierte Nachkommen des Duke of Hearts xx mit Qualifikationsergebnis f\u00fcr das Bundeschampionat, dieses sowohl mit Bundeskaderreitern aber auch mit Olympioniken als Z\u00fcchter dieser Spitzenpferde.<\/p>\n<p>&nbsp;<\/p>\n<p>Seine Kinder machen ihm alle Ehre.<\/p>\n<p>&nbsp;<\/p>\n<p>Die noch junge in den Startl\u00f6chern stehende Nachzucht des Duke of Hearts xx wird dem Vielseitigkeitssport weiterhin f\u00f6rderlich sein.<\/p>\n<p>R\u00fccken so vielversprechende Nachwuchspferde, wie die Tochter aus der Halbschwester eines der weltbesten Vielseitigkeitspferde Leonidas II, in den Sport nach.<\/p>\n<p>&nbsp;<\/p>\n<p>Dar\u00fcber hinaus vertreibt der S\u00f6derhof auch noch Tiefgefriersperma dieses Vielseitigkeitspferdespitzenvererbers f\u00fcr Z\u00fcchter, die schon lange wissen, dass es ohne Vollblut mit Leistunggenen und den besonderen Eigenschaften wie H\u00e4rte, Schnelligkeit, Ausdauer und besserer Regenerationsf\u00e4higkeit nicht geht.<\/p>\n<p>&nbsp;<\/p>\n<p>Horst M\u00fcller<\/p>\n<p><a href=\"https:\/\/eu-besamungsstation.soederhof.de\/wp-content\/uploads\/2017\/12\/duke_of_champion.jpg\"><img loading=\"lazy\" decoding=\"async\" class=\"alignnone size-full wp-image-472\" src=\"https:\/\/eu-besamungsstation.soederhof.de\/wp-content\/uploads\/2017\/12\/duke_of_champion.jpg\" alt=\"\" width=\"400\" height=\"267\" srcset=\"https:\/\/eu-besamungsstation.soederhof.de\/wp-content\/uploads\/2017\/12\/duke_of_champion.jpg 400w, https:\/\/eu-besamungsstation.soederhof.de\/wp-content\/uploads\/2017\/12\/duke_of_champion-300x200.jpg 300w\" sizes=\"auto, (max-width: 400px) 100vw, 400px\" \/><\/a><\/p>\n<p><a href=\"https:\/\/eu-besamungsstation.soederhof.de\/wp-content\/uploads\/2020\/06\/Giovanni-DukesOfChampion-OsbertonTH.jpg\"><img loading=\"lazy\" decoding=\"async\" class=\"alignnone wp-image-2247 size-medium\" src=\"https:\/\/eu-besamungsstation.soederhof.de\/wp-content\/uploads\/2020\/06\/Giovanni-DukesOfChampion-OsbertonTH-200x300.jpg\" alt=\"\" width=\"200\" height=\"300\" srcset=\"https:\/\/eu-besamungsstation.soederhof.de\/wp-content\/uploads\/2020\/06\/Giovanni-DukesOfChampion-OsbertonTH-200x300.jpg 200w, https:\/\/eu-besamungsstation.soederhof.de\/wp-content\/uploads\/2020\/06\/Giovanni-DukesOfChampion-OsbertonTH.jpg 400w\" sizes=\"auto, (max-width: 200px) 100vw, 200px\" \/><\/a><\/p>\n<p><a href=\"https:\/\/eu-besamungsstation.soederhof.de\/wp-content\/uploads\/2018\/04\/christine-mu\u0308nkel-mit-dynamic-daisy-IMG_0289.jpg\"><img loading=\"lazy\" decoding=\"async\" class=\"alignnone wp-image-1058 size-medium\" src=\"https:\/\/eu-besamungsstation.soederhof.de\/wp-content\/uploads\/2018\/04\/christine-mu\u0308nkel-mit-dynamic-daisy-IMG_0289-300x200.jpg\" alt=\"\" width=\"300\" height=\"200\" srcset=\"https:\/\/eu-besamungsstation.soederhof.de\/wp-content\/uploads\/2018\/04\/christine-mu\u0308nkel-mit-dynamic-daisy-IMG_0289-300x200.jpg 300w, https:\/\/eu-besamungsstation.soederhof.de\/wp-content\/uploads\/2018\/04\/christine-mu\u0308nkel-mit-dynamic-daisy-IMG_0289-768x512.jpg 768w, https:\/\/eu-besamungsstation.soederhof.de\/wp-content\/uploads\/2018\/04\/christine-mu\u0308nkel-mit-dynamic-daisy-IMG_0289-1024x682.jpg 1024w, https:\/\/eu-besamungsstation.soederhof.de\/wp-content\/uploads\/2018\/04\/christine-mu\u0308nkel-mit-dynamic-daisy-IMG_0289.jpg 1073w\" sizes=\"auto, (max-width: 300px) 100vw, 300px\" \/><\/a><\/p>\n<p><a href=\"https:\/\/eu-besamungsstation.soederhof.de\/wp-content\/uploads\/2017\/11\/rainbow.jpg\"><img loading=\"lazy\" decoding=\"async\" class=\"alignnone size-full wp-image-264\" src=\"https:\/\/eu-besamungsstation.soederhof.de\/wp-content\/uploads\/2017\/11\/rainbow.jpg\" alt=\"\" width=\"348\" height=\"243\" srcset=\"https:\/\/eu-besamungsstation.soederhof.de\/wp-content\/uploads\/2017\/11\/rainbow.jpg 348w, https:\/\/eu-besamungsstation.soederhof.de\/wp-content\/uploads\/2017\/11\/rainbow-300x209.jpg 300w\" sizes=\"auto, (max-width: 348px) 100vw, 348px\" \/><\/a><\/p>\n<p><a href=\"https:\/\/eu-besamungsstation.soederhof.de\/wp-content\/uploads\/2018\/06\/Daytona-Beach_Fotor.jpg\"><img loading=\"lazy\" decoding=\"async\" class=\"alignnone wp-image-1106 size-medium\" src=\"https:\/\/eu-besamungsstation.soederhof.de\/wp-content\/uploads\/2018\/06\/Daytona-Beach_Fotor-300x267.jpg\" alt=\"\" width=\"300\" height=\"267\" srcset=\"https:\/\/eu-besamungsstation.soederhof.de\/wp-content\/uploads\/2018\/06\/Daytona-Beach_Fotor-300x267.jpg 300w, https:\/\/eu-besamungsstation.soederhof.de\/wp-content\/uploads\/2018\/06\/Daytona-Beach_Fotor-768x685.jpg 768w, https:\/\/eu-besamungsstation.soederhof.de\/wp-content\/uploads\/2018\/06\/Daytona-Beach_Fotor-1024x913.jpg 1024w, https:\/\/eu-besamungsstation.soederhof.de\/wp-content\/uploads\/2018\/06\/Daytona-Beach_Fotor.jpg 1088w\" sizes=\"auto, (max-width: 300px) 100vw, 300px\" \/><\/a><\/p>\n<p><a href=\"https:\/\/eu-besamungsstation.soederhof.de\/wp-content\/uploads\/2019\/04\/Daytona-Beach-USA.jpg\"><img loading=\"lazy\" decoding=\"async\" class=\"alignnone wp-image-1600 size-medium\" src=\"https:\/\/eu-besamungsstation.soederhof.de\/wp-content\/uploads\/2019\/04\/Daytona-Beach-USA-300x300.jpg\" alt=\"\" width=\"300\" height=\"300\" srcset=\"https:\/\/eu-besamungsstation.soederhof.de\/wp-content\/uploads\/2019\/04\/Daytona-Beach-USA-300x300.jpg 300w, https:\/\/eu-besamungsstation.soederhof.de\/wp-content\/uploads\/2019\/04\/Daytona-Beach-USA-150x150.jpg 150w, https:\/\/eu-besamungsstation.soederhof.de\/wp-content\/uploads\/2019\/04\/Daytona-Beach-USA-768x768.jpg 768w, https:\/\/eu-besamungsstation.soederhof.de\/wp-content\/uploads\/2019\/04\/Daytona-Beach-USA-1024x1024.jpg 1024w\" sizes=\"auto, (max-width: 300px) 100vw, 300px\" \/><\/a><\/p>\n<p><a href=\"https:\/\/eu-besamungsstation.soederhof.de\/wp-content\/uploads\/2019\/05\/Collage_daisy.jpeg\"><img loading=\"lazy\" decoding=\"async\" class=\"alignnone wp-image-1654 size-medium\" src=\"https:\/\/eu-besamungsstation.soederhof.de\/wp-content\/uploads\/2019\/05\/Collage_daisy-300x300.jpeg\" alt=\"\" width=\"300\" height=\"300\" srcset=\"https:\/\/eu-besamungsstation.soederhof.de\/wp-content\/uploads\/2019\/05\/Collage_daisy-300x300.jpeg 300w, https:\/\/eu-besamungsstation.soederhof.de\/wp-content\/uploads\/2019\/05\/Collage_daisy-150x150.jpeg 150w, https:\/\/eu-besamungsstation.soederhof.de\/wp-content\/uploads\/2019\/05\/Collage_daisy-768x768.jpeg 768w, https:\/\/eu-besamungsstation.soederhof.de\/wp-content\/uploads\/2019\/05\/Collage_daisy.jpeg 960w\" sizes=\"auto, (max-width: 300px) 100vw, 300px\" \/><\/a><\/p>\n<p><a href=\"https:\/\/eu-besamungsstation.soederhof.de\/wp-content\/uploads\/2020\/05\/IMG_9768-scaled.jpg\"><img loading=\"lazy\" decoding=\"async\" class=\"alignnone wp-image-2239 size-medium\" src=\"https:\/\/eu-besamungsstation.soederhof.de\/wp-content\/uploads\/2020\/05\/IMG_9768-300x200.jpg\" alt=\"\" width=\"300\" height=\"200\" srcset=\"https:\/\/eu-besamungsstation.soederhof.de\/wp-content\/uploads\/2020\/05\/IMG_9768-300x200.jpg 300w, https:\/\/eu-besamungsstation.soederhof.de\/wp-content\/uploads\/2020\/05\/IMG_9768-1024x683.jpg 1024w, https:\/\/eu-besamungsstation.soederhof.de\/wp-content\/uploads\/2020\/05\/IMG_9768-768x512.jpg 768w, https:\/\/eu-besamungsstation.soederhof.de\/wp-content\/uploads\/2020\/05\/IMG_9768-1536x1024.jpg 1536w, https:\/\/eu-besamungsstation.soederhof.de\/wp-content\/uploads\/2020\/05\/IMG_9768-2048x1365.jpg 2048w\" sizes=\"auto, (max-width: 300px) 100vw, 300px\" \/><\/a><\/p>\n<p>&nbsp;<\/p>\n<p>&nbsp;<\/p>\n<p>&nbsp;<\/p>\n<p><span style=\"font-size: 14pt;\"><strong>29. Mai 2020<\/strong><\/span><\/p>\n<p>Wir sind unendlich traurig und fassungslos! Heute ist Duke of Hearts von uns gegangen. Duke war unser ganzer Stolz, gesch\u00e4tzt, geliebt und verehrt. Er war eine ganz besondere Pers\u00f6nlichkeit und wir werden ihn unendlich vermissen!\ud83d\udda4<\/p>\n<p>Er steht den Z\u00fcchtern weiterhin \u00fcber TG zur Verf\u00fcgung<\/p>\n<p><a href=\"https:\/\/eu-besamungsstation.soederhof.de\/wp-content\/uploads\/2020\/05\/Duke.jpg\"><img loading=\"lazy\" decoding=\"async\" class=\"alignnone size-full wp-image-2241\" src=\"https:\/\/eu-besamungsstation.soederhof.de\/wp-content\/uploads\/2020\/05\/Duke.jpg\" alt=\"\" width=\"400\" height=\"400\" srcset=\"https:\/\/eu-besamungsstation.soederhof.de\/wp-content\/uploads\/2020\/05\/Duke.jpg 400w, https:\/\/eu-besamungsstation.soederhof.de\/wp-content\/uploads\/2020\/05\/Duke-300x300.jpg 300w, https:\/\/eu-besamungsstation.soederhof.de\/wp-content\/uploads\/2020\/05\/Duke-150x150.jpg 150w\" sizes=\"auto, (max-width: 400px) 100vw, 400px\" \/><\/a><\/p>\n<p>&nbsp;<\/p>\n<p>&nbsp;<\/p>\n<p>&nbsp;<\/p>\n<p><span style=\"font-size: 14pt;\"><strong>13. Mai 2020<\/strong><\/span><\/p>\n<p>Das 15. und damit letzte Fohlen f\u00fcr dieses Jahr ist geboren! Ein Stutfohlen von L\u2018Elu de Dun AA a.d. Ballydoyle v. Duke of Hearts xx u.d. Babette v. Arrak x Huntercombe xx<\/p>\n<p><a href=\"https:\/\/eu-besamungsstation.soederhof.de\/wp-content\/uploads\/2020\/05\/Bluebell.jpg\"><img loading=\"lazy\" decoding=\"async\" class=\"alignnone size-full wp-image-2235\" src=\"https:\/\/eu-besamungsstation.soederhof.de\/wp-content\/uploads\/2020\/05\/Bluebell.jpg\" alt=\"\" width=\"960\" height=\"960\" srcset=\"https:\/\/eu-besamungsstation.soederhof.de\/wp-content\/uploads\/2020\/05\/Bluebell.jpg 960w, https:\/\/eu-besamungsstation.soederhof.de\/wp-content\/uploads\/2020\/05\/Bluebell-300x300.jpg 300w, https:\/\/eu-besamungsstation.soederhof.de\/wp-content\/uploads\/2020\/05\/Bluebell-150x150.jpg 150w, https:\/\/eu-besamungsstation.soederhof.de\/wp-content\/uploads\/2020\/05\/Bluebell-768x768.jpg 768w\" sizes=\"auto, (max-width: 960px) 100vw, 960px\" \/><\/a><\/p>\n<p>&nbsp;<\/p>\n<p>&nbsp;<\/p>\n<p><span style=\"font-size: 14pt;\"><strong>5. Mai 2020<\/strong><\/span><\/p>\n<p>Fohlen Nr. 14 wurde heute Morgen geboren <span class=\"_5mfr\"><span class=\"_6qdm\">\u2600\ufe0f<\/span><\/span> ein bezauberndes Stutfohlen von L\u2019Elu de Dun AA a.d. Ayesha v. Buddenbrock x Langata Express xx. Wir gratulieren Familie Schumann-Plekat ganz herzlich!!<\/p>\n<p><a href=\"https:\/\/eu-besamungsstation.soederhof.de\/wp-content\/uploads\/2020\/05\/Anneliese.jpg\"><img loading=\"lazy\" decoding=\"async\" class=\"alignnone size-full wp-image-2233\" src=\"https:\/\/eu-besamungsstation.soederhof.de\/wp-content\/uploads\/2020\/05\/Anneliese.jpg\" alt=\"\" width=\"960\" height=\"960\" srcset=\"https:\/\/eu-besamungsstation.soederhof.de\/wp-content\/uploads\/2020\/05\/Anneliese.jpg 960w, https:\/\/eu-besamungsstation.soederhof.de\/wp-content\/uploads\/2020\/05\/Anneliese-300x300.jpg 300w, https:\/\/eu-besamungsstation.soederhof.de\/wp-content\/uploads\/2020\/05\/Anneliese-150x150.jpg 150w, https:\/\/eu-besamungsstation.soederhof.de\/wp-content\/uploads\/2020\/05\/Anneliese-768x768.jpg 768w\" sizes=\"auto, (max-width: 960px) 100vw, 960px\" \/><\/a><\/p>\n<p>&nbsp;<\/p>\n<p>&nbsp;<\/p>\n<p>&nbsp;<\/p>\n<div id=\"js_3f\" class=\"_5pbx userContent _3576\" data-ft=\"{&quot;tn&quot;:&quot;K&quot;}\" data-testid=\"post_message\">\n<p><span style=\"font-size: 14pt;\"><strong>2. Mai 2020<\/strong><\/span><\/p>\n<p>Unser absolutes Wunschfohlen ist geboren <span class=\"_5mfr\"><span class=\"_6qdm\">\ud83e\udd70<\/span><\/span> Stutfohlen von Duke of Hearts xx a.d. Turbo v. Fandsy AA u.d. Speckles v. Jumbo<\/p>\n<p><a href=\"https:\/\/eu-besamungsstation.soederhof.de\/wp-content\/uploads\/2020\/05\/Susi-1.jpg\"><img loading=\"lazy\" decoding=\"async\" class=\"alignnone size-full wp-image-2230\" src=\"https:\/\/eu-besamungsstation.soederhof.de\/wp-content\/uploads\/2020\/05\/Susi-1.jpg\" alt=\"\" width=\"960\" height=\"960\" srcset=\"https:\/\/eu-besamungsstation.soederhof.de\/wp-content\/uploads\/2020\/05\/Susi-1.jpg 960w, https:\/\/eu-besamungsstation.soederhof.de\/wp-content\/uploads\/2020\/05\/Susi-1-300x300.jpg 300w, https:\/\/eu-besamungsstation.soederhof.de\/wp-content\/uploads\/2020\/05\/Susi-1-150x150.jpg 150w, https:\/\/eu-besamungsstation.soederhof.de\/wp-content\/uploads\/2020\/05\/Susi-1-768x768.jpg 768w\" sizes=\"auto, (max-width: 960px) 100vw, 960px\" \/><\/a> <a href=\"https:\/\/eu-besamungsstation.soederhof.de\/wp-content\/uploads\/2020\/05\/Susi-2.jpg\"><img loading=\"lazy\" decoding=\"async\" class=\"alignnone size-full wp-image-2231\" src=\"https:\/\/eu-besamungsstation.soederhof.de\/wp-content\/uploads\/2020\/05\/Susi-2.jpg\" alt=\"\" width=\"960\" height=\"960\" srcset=\"https:\/\/eu-besamungsstation.soederhof.de\/wp-content\/uploads\/2020\/05\/Susi-2.jpg 960w, https:\/\/eu-besamungsstation.soederhof.de\/wp-content\/uploads\/2020\/05\/Susi-2-300x300.jpg 300w, https:\/\/eu-besamungsstation.soederhof.de\/wp-content\/uploads\/2020\/05\/Susi-2-150x150.jpg 150w, https:\/\/eu-besamungsstation.soederhof.de\/wp-content\/uploads\/2020\/05\/Susi-2-768x768.jpg 768w\" sizes=\"auto, (max-width: 960px) 100vw, 960px\" \/><\/a><\/p>\n<\/div>\n<p>&nbsp;<\/p>\n<p>&nbsp;<\/p>\n<div id=\"js_3f\" class=\"_5pbx userContent _3576\" data-ft=\"{&quot;tn&quot;:&quot;K&quot;}\" data-testid=\"post_message\">\n<p><span style=\"font-size: 14pt;\"><strong>2. Mai 2020<\/strong><\/span><\/p>\n<p>Unsere Wavegoodbye von Linamix hat uns heute Nacht ein wundersch\u00f6nes Stutfohlen von Protectionist geschenkt! Hebamme\/Wachhund \u201eArqana\u201c passt gut auf die beiden auf!<\/p>\n<p><a href=\"https:\/\/eu-besamungsstation.soederhof.de\/wp-content\/uploads\/2020\/05\/Wallerie-Geburt.jpg\"><img loading=\"lazy\" decoding=\"async\" class=\"alignnone size-full wp-image-2225\" src=\"https:\/\/eu-besamungsstation.soederhof.de\/wp-content\/uploads\/2020\/05\/Wallerie-Geburt.jpg\" alt=\"\" width=\"960\" height=\"960\" srcset=\"https:\/\/eu-besamungsstation.soederhof.de\/wp-content\/uploads\/2020\/05\/Wallerie-Geburt.jpg 960w, https:\/\/eu-besamungsstation.soederhof.de\/wp-content\/uploads\/2020\/05\/Wallerie-Geburt-300x300.jpg 300w, https:\/\/eu-besamungsstation.soederhof.de\/wp-content\/uploads\/2020\/05\/Wallerie-Geburt-150x150.jpg 150w, https:\/\/eu-besamungsstation.soederhof.de\/wp-content\/uploads\/2020\/05\/Wallerie-Geburt-768x768.jpg 768w\" sizes=\"auto, (max-width: 960px) 100vw, 960px\" \/><\/a> <a href=\"https:\/\/eu-besamungsstation.soederhof.de\/wp-content\/uploads\/2020\/05\/Wallerie-Geburt.jpg2_.jpg\"><img loading=\"lazy\" decoding=\"async\" class=\"alignnone size-full wp-image-2226\" src=\"https:\/\/eu-besamungsstation.soederhof.de\/wp-content\/uploads\/2020\/05\/Wallerie-Geburt.jpg2_.jpg\" alt=\"\" width=\"960\" height=\"960\" srcset=\"https:\/\/eu-besamungsstation.soederhof.de\/wp-content\/uploads\/2020\/05\/Wallerie-Geburt.jpg2_.jpg 960w, https:\/\/eu-besamungsstation.soederhof.de\/wp-content\/uploads\/2020\/05\/Wallerie-Geburt.jpg2_-300x300.jpg 300w, https:\/\/eu-besamungsstation.soederhof.de\/wp-content\/uploads\/2020\/05\/Wallerie-Geburt.jpg2_-150x150.jpg 150w, https:\/\/eu-besamungsstation.soederhof.de\/wp-content\/uploads\/2020\/05\/Wallerie-Geburt.jpg2_-768x768.jpg 768w\" sizes=\"auto, (max-width: 960px) 100vw, 960px\" \/><\/a> <a href=\"https:\/\/eu-besamungsstation.soederhof.de\/wp-content\/uploads\/2020\/05\/IMG_3253-scaled.jpg\"><img loading=\"lazy\" decoding=\"async\" class=\"alignnone size-full wp-image-2227\" src=\"https:\/\/eu-besamungsstation.soederhof.de\/wp-content\/uploads\/2020\/05\/IMG_3253-scaled.jpg\" alt=\"\" width=\"2560\" height=\"1707\" srcset=\"https:\/\/eu-besamungsstation.soederhof.de\/wp-content\/uploads\/2020\/05\/IMG_3253-scaled.jpg 2560w, https:\/\/eu-besamungsstation.soederhof.de\/wp-content\/uploads\/2020\/05\/IMG_3253-300x200.jpg 300w, https:\/\/eu-besamungsstation.soederhof.de\/wp-content\/uploads\/2020\/05\/IMG_3253-1024x683.jpg 1024w, https:\/\/eu-besamungsstation.soederhof.de\/wp-content\/uploads\/2020\/05\/IMG_3253-768x512.jpg 768w, https:\/\/eu-besamungsstation.soederhof.de\/wp-content\/uploads\/2020\/05\/IMG_3253-1536x1024.jpg 1536w, https:\/\/eu-besamungsstation.soederhof.de\/wp-content\/uploads\/2020\/05\/IMG_3253-2048x1365.jpg 2048w\" sizes=\"auto, (max-width: 2560px) 100vw, 2560px\" \/><\/a><\/p>\n<\/div>\n<p>&nbsp;<\/p>\n<p>&nbsp;<\/p>\n<div id=\"js_3f\" class=\"_5pbx userContent _3576\" data-ft=\"{&quot;tn&quot;:&quot;K&quot;}\" data-testid=\"post_message\">\n<p><span style=\"font-size: 14pt;\"><strong>29. April 2020<\/strong><\/span><\/p>\n<p><strong><span style=\"font-size: 12pt; color: #ff0000;\">Bitte beachten Sie unsere neue Bankverbindung!<\/span><\/strong><\/p>\n<p><strong>IBAN: DE12 2515 2375 0045 3325 17<\/strong><\/p>\n<p><strong>BIC: NOLADE21WAL<\/strong><\/p>\n<\/div>\n<p>&nbsp;<\/p>\n<p>&nbsp;<\/p>\n<div id=\"js_3f\" class=\"_5pbx userContent _3576\" data-ft=\"{&quot;tn&quot;:&quot;K&quot;}\" data-testid=\"post_message\">\n<p><span style=\"font-size: 14pt;\"><strong>20. April 2020<\/strong><\/span><\/p>\n<div id=\"js_4bi\" class=\"_5pbx userContent _3576\" data-ft=\"{&quot;tn&quot;:&quot;K&quot;}\" data-testid=\"post_message\">\n<p>Ab heute k\u00f6nnen wir Frischsperma von Grenoble europaweit verschicken! <a href=\"https:\/\/eu-besamungsstation.soederhof.de\/grenoble\/?fbclid=IwAR2_UvkRjiHQjl721cNota5zdFB23bFTI1xn-JwX4UVOfCqQ_y8H5tgQSJk\" target=\"_blank\" rel=\"noopener nofollow noreferrer\" data-ft=\"{&quot;tn&quot;:&quot;-U&quot;}\" data-lynx-mode=\"async\" data-lynx-uri=\"https:\/\/l.facebook.com\/l.php?u=https%3A%2F%2Fwww.soederhof.de%2Fgrenoble%2F%3Ffbclid%3DIwAR2_UvkRjiHQjl721cNota5zdFB23bFTI1xn-JwX4UVOfCqQ_y8H5tgQSJk&amp;h=AT2eo3KyVgwvaaNg8a9wUGVTLLuJ7Hcu8zGs2ZTvxsMpkNhhBH5WvJQwHT07iuAJNi8LRk3hURh3qsNy8xFuOCbtQSRdIUbyQX6x1TqWVtmaTa9PtfWLZ1l8devYK9WYDDgDqb-pjT4W2pzQrXQ_XDuMEo0TIjNdWDwdDz958sX-wO1xvF8o08kvfZkHB35IGHgLDpU7IbIuPeRfJ6MteP77heXA3OKfDpns-uAr-x9ntEVLQwoHVb_M4wWsd5MHsIWKMXNGQqZRZ4Qw6G01IgvT4w3MQ5GMg1OEule_Hcpi_ezxFpwjfAJ3uEGt5sQsq6ZkBJ9UjruzWIuHgyzLhVgnByKLCPzfbQmmwRuu-VtrddF1ayFJlvIvugfouQ8BZRcF9HEvmxLP0XRqVRcquzqxM_eXBnOmEvQErQDhn0I3tlj4mQ8a0rw3kLHtjNxS_8U_m-pEsUAPIusR3mqBuCjJN09-mbmyKbIaH9rwZ74SxGdOAsu9hWVn5tRJusAIXhHSZQrPlig-Lv4gxyhsB75xq5nN40JNZXdNQuIXYc9-tXXxWfMDn_gLpomoaglHuAik14b4dYf043GH7h3vvwz-jdBf9OH9egQpbbJsp0W8wSCf0dyqGi9o3gjlWONfAFQ4vVr5Jvp8TFnB7viO\">https:\/\/eu-besamungsstation.soederhof.de\/grenoble\/<\/a><\/p>\n<\/div>\n<div class=\"_3x-2\" data-ft=\"{&quot;tn&quot;:&quot;H&quot;}\">\n<div data-ft=\"{&quot;tn&quot;:&quot;H&quot;}\">\n<div class=\"mtm\">\n<div>\n<div class=\"_5cq3 _1ktf\" data-ft=\"{&quot;tn&quot;:&quot;E&quot;}\">\n<div id=\"u_a4_d\" class=\"uiScaledImageContainer _4-ep\">\n<figure id=\"attachment_2098\" aria-describedby=\"caption-attachment-2098\" style=\"width: 2500px\" class=\"wp-caption alignnone\"><a href=\"https:\/\/eu-besamungsstation.soederhof.de\/wp-content\/uploads\/2020\/03\/KopfNr.-19-Grenoble_SL_924-004-345.jpg\"><img loading=\"lazy\" decoding=\"async\" class=\"size-full wp-image-2098\" src=\"https:\/\/eu-besamungsstation.soederhof.de\/wp-content\/uploads\/2020\/03\/KopfNr.-19-Grenoble_SL_924-004-345.jpg\" alt=\"\" width=\"2500\" height=\"1666\" srcset=\"https:\/\/eu-besamungsstation.soederhof.de\/wp-content\/uploads\/2020\/03\/KopfNr.-19-Grenoble_SL_924-004-345.jpg 2500w, https:\/\/eu-besamungsstation.soederhof.de\/wp-content\/uploads\/2020\/03\/KopfNr.-19-Grenoble_SL_924-004-345-300x200.jpg 300w, https:\/\/eu-besamungsstation.soederhof.de\/wp-content\/uploads\/2020\/03\/KopfNr.-19-Grenoble_SL_924-004-345-1024x682.jpg 1024w, https:\/\/eu-besamungsstation.soederhof.de\/wp-content\/uploads\/2020\/03\/KopfNr.-19-Grenoble_SL_924-004-345-768x512.jpg 768w, https:\/\/eu-besamungsstation.soederhof.de\/wp-content\/uploads\/2020\/03\/KopfNr.-19-Grenoble_SL_924-004-345-1536x1024.jpg 1536w, https:\/\/eu-besamungsstation.soederhof.de\/wp-content\/uploads\/2020\/03\/KopfNr.-19-Grenoble_SL_924-004-345-2048x1365.jpg 2048w\" sizes=\"auto, (max-width: 2500px) 100vw, 2500px\" \/><\/a><figcaption id=\"caption-attachment-2098\" class=\"wp-caption-text\">KopfNr. 19 Grenoble<br \/>\nNeum\u00fcnster &#8211; Trakehner Hengstmarkt 2019<br \/>\nFreispringen<br \/>\n08. November 2019<br \/>\n\u00a9 www.sportfotos-lafrentz.de\/Stefan Lafrentz<\/figcaption><\/figure>\n<\/div>\n<\/div>\n<\/div>\n<\/div>\n<\/div>\n<\/div>\n<\/div>\n<p>&nbsp;<\/p>\n<div id=\"js_3f\" class=\"_5pbx userContent _3576\" data-ft=\"{&quot;tn&quot;:&quot;K&quot;}\" data-testid=\"post_message\">\n<p><span style=\"font-size: 14pt;\"><strong>19. April 2020<\/strong><\/span><\/p>\n<p>Heute Nacht kam das 11. Fohlen! Ein gro\u00dfes und starkes Hengstfohlen von For Romance aus der Finja von Latimer. Wir gratulieren Familie W\u00f6rner ganz herzlich!<\/p>\n<p><a href=\"https:\/\/eu-besamungsstation.soederhof.de\/wp-content\/uploads\/2020\/04\/Fury.jpg\"><img loading=\"lazy\" decoding=\"async\" class=\"alignnone size-full wp-image-2206\" src=\"https:\/\/eu-besamungsstation.soederhof.de\/wp-content\/uploads\/2020\/04\/Fury.jpg\" alt=\"\" width=\"718\" height=\"960\" srcset=\"https:\/\/eu-besamungsstation.soederhof.de\/wp-content\/uploads\/2020\/04\/Fury.jpg 718w, https:\/\/eu-besamungsstation.soederhof.de\/wp-content\/uploads\/2020\/04\/Fury-224x300.jpg 224w\" sizes=\"auto, (max-width: 718px) 100vw, 718px\" \/><\/a><\/p>\n<p>&nbsp;<\/p>\n<p>&nbsp;<\/p>\n<p><span style=\"font-size: 14pt;\"><strong>17. April 2020<\/strong><\/span><\/p>\n<p>Fohlen Nr.10 ist auch sicher gelandet!\ud83e\udd29 Ein ganz bezauberndes Stutfohlen von Giuliani aus der Nada Alward von Aqlaam. Wir gratulieren der Familie Rattay ganz herzlich zu ihrem ersten Trakehner Fohlen!<\/p>\n<p><a href=\"https:\/\/eu-besamungsstation.soederhof.de\/wp-content\/uploads\/2020\/04\/Nala.jpg\"><img loading=\"lazy\" decoding=\"async\" class=\"alignnone size-full wp-image-2204\" src=\"https:\/\/eu-besamungsstation.soederhof.de\/wp-content\/uploads\/2020\/04\/Nala.jpg\" alt=\"\" width=\"720\" height=\"960\" srcset=\"https:\/\/eu-besamungsstation.soederhof.de\/wp-content\/uploads\/2020\/04\/Nala.jpg 720w, https:\/\/eu-besamungsstation.soederhof.de\/wp-content\/uploads\/2020\/04\/Nala-225x300.jpg 225w\" sizes=\"auto, (max-width: 720px) 100vw, 720px\" \/><\/a><\/p>\n<p>&nbsp;<\/p>\n<p>&nbsp;<\/p>\n<p><span style=\"font-size: 14pt;\"><strong>16. April 2020<\/strong><\/span><\/p>\n<p>Gleich 2 auf einen Streich \ud83e\udd29 Zuerst das lang ersehnte Stutfohlen (Fuchs) von Duke of Hearts xx a.d. Indonesian Girl v. Indonese f\u00fcr das Team Brockers &#8211; Sporthorses Und kurz danach ein Hengstfohlen von L\u2018Elu de Dun AA a.d. Zartbitter v. Esteban xx x Lavaletto. Stolze Z\u00fcchter von dem jungen Mann ist Familie Voswinkel. Wir gratulieren den Z\u00fcchtern ganz herzlich!!\ud83c\udf40<\/p>\n<p><a href=\"https:\/\/eu-besamungsstation.soederhof.de\/wp-content\/uploads\/2020\/04\/M\u00f6hrchen.jpg\"><img loading=\"lazy\" decoding=\"async\" class=\"alignnone size-full wp-image-2201\" src=\"https:\/\/eu-besamungsstation.soederhof.de\/wp-content\/uploads\/2020\/04\/M\u00f6hrchen.jpg\" alt=\"\" width=\"960\" height=\"720\" srcset=\"https:\/\/eu-besamungsstation.soederhof.de\/wp-content\/uploads\/2020\/04\/M\u00f6hrchen.jpg 960w, https:\/\/eu-besamungsstation.soederhof.de\/wp-content\/uploads\/2020\/04\/M\u00f6hrchen-300x225.jpg 300w, https:\/\/eu-besamungsstation.soederhof.de\/wp-content\/uploads\/2020\/04\/M\u00f6hrchen-768x576.jpg 768w\" sizes=\"auto, (max-width: 960px) 100vw, 960px\" \/><\/a> <a href=\"https:\/\/eu-besamungsstation.soederhof.de\/wp-content\/uploads\/2020\/04\/Zarti-Fohlen.jpg\"><img loading=\"lazy\" decoding=\"async\" class=\"alignnone size-full wp-image-2202\" src=\"https:\/\/eu-besamungsstation.soederhof.de\/wp-content\/uploads\/2020\/04\/Zarti-Fohlen.jpg\" alt=\"\" width=\"720\" height=\"960\" srcset=\"https:\/\/eu-besamungsstation.soederhof.de\/wp-content\/uploads\/2020\/04\/Zarti-Fohlen.jpg 720w, https:\/\/eu-besamungsstation.soederhof.de\/wp-content\/uploads\/2020\/04\/Zarti-Fohlen-225x300.jpg 225w\" sizes=\"auto, (max-width: 720px) 100vw, 720px\" \/><\/a><\/p>\n<p>&nbsp;<\/p>\n<p>&nbsp;<\/p>\n<p>&nbsp;<\/p>\n<p><span style=\"font-size: 14pt;\"><strong>12. April 2020<\/strong><\/span><\/p>\n<p>Der erste Ausflug f\u00fcr \u201eRolex\u201c v.<a href=\"https:\/\/eu-besamungsstation.soederhof.de\/duke-of-hearts-xx\/\"> Duke of Hearts xx<\/a> a.d. <a href=\"https:\/\/eu-besamungsstation.soederhof.de\/stuten\/\">Rubinella<\/a> v. Guardian a.d. Pr.St. Ruby v. Arrak x Hohritt xx <span class=\"_5mfr\"><span class=\"_6qdm\">\ud83e\udd70<\/span><\/span><\/p>\n<div class=\"_3x-2\" data-ft=\"{&quot;tn&quot;:&quot;H&quot;}\">\n<div data-ft=\"{&quot;tn&quot;:&quot;H&quot;}\">\n<div class=\"mtm\">\n<div class=\"_2a2q _65sr\">\n<div class=\"uiScaledImageContainer\"><img loading=\"lazy\" decoding=\"async\" class=\"scaledImageFitHeight img\" src=\"https:\/\/scontent-dus1-1.xx.fbcdn.net\/v\/t1.0-0\/p320x320\/92800952_1425347290982104_5643432794668400640_n.jpg?_nc_cat=101&amp;_nc_sid=110474&amp;_nc_ohc=cfDy35xVlMAAX9_0DAz&amp;_nc_ht=scontent-dus1-1.xx&amp;_nc_tp=6&amp;oh=8b193753727f6821fdf5a0422624923a&amp;oe=5EB9D728\" alt=\"Bild k\u00f6nnte enthalten: Pferd und im Freien\" width=\"316\" height=\"474\" data-src=\"https:\/\/scontent-dus1-1.xx.fbcdn.net\/v\/t1.0-0\/p320x320\/92800952_1425347290982104_5643432794668400640_n.jpg?_nc_cat=101&amp;_nc_sid=110474&amp;_nc_ohc=cfDy35xVlMAAX9_0DAz&amp;_nc_ht=scontent-dus1-1.xx&amp;_nc_tp=6&amp;oh=8b193753727f6821fdf5a0422624923a&amp;oe=5EB9D728\" \/> \u00a0 <a href=\"https:\/\/eu-besamungsstation.soederhof.de\/wp-content\/uploads\/2020\/04\/rolex-galopp.jpg\"><img loading=\"lazy\" decoding=\"async\" class=\"alignnone size-full wp-image-2188\" src=\"https:\/\/eu-besamungsstation.soederhof.de\/wp-content\/uploads\/2020\/04\/rolex-galopp.jpg\" alt=\"\" width=\"960\" height=\"640\" srcset=\"https:\/\/eu-besamungsstation.soederhof.de\/wp-content\/uploads\/2020\/04\/rolex-galopp.jpg 960w, https:\/\/eu-besamungsstation.soederhof.de\/wp-content\/uploads\/2020\/04\/rolex-galopp-300x200.jpg 300w, https:\/\/eu-besamungsstation.soederhof.de\/wp-content\/uploads\/2020\/04\/rolex-galopp-768x512.jpg 768w\" sizes=\"auto, (max-width: 960px) 100vw, 960px\" \/><\/a><\/div>\n<\/div>\n<\/div>\n<\/div>\n<\/div>\n<p>&nbsp;<\/p>\n<p>&nbsp;<\/p>\n<p><span style=\"font-size: 14pt;\"><strong>12. April 2020<\/strong><\/span><\/p>\n<div id=\"js_1va\" class=\"_5pbx userContent _3576\" data-ft=\"{&quot;tn&quot;:&quot;K&quot;}\" data-testid=\"post_message\">\n<p>Wir w\u00fcnschen Allen frohe Ostern!!<span class=\"_5mfr\"><span class=\"_6qdm\">\ud83d\ude0a<\/span><\/span><span class=\"_5mfr\"><span class=\"_6qdm\">\ud83d\udc30<\/span><\/span><span class=\"_5mfr\"><span class=\"_6qdm\">\ud83d\udc23<\/span><\/span><span class=\"_5mfr\"><span class=\"_6qdm\">\ud83c\udf3c<\/span><\/span> Mit einem kleinen Gru\u00df von unserem neuesten Osterhasi <span class=\"_5mfr\"><span class=\"_6qdm\">\ud83d\ude04<\/span><\/span><\/p>\n<\/div>\n<div class=\"_3x-2\" data-ft=\"{&quot;tn&quot;:&quot;H&quot;}\">\n<div data-ft=\"{&quot;tn&quot;:&quot;H&quot;}\">\n<div class=\"mtm\">\n<div>\n<div class=\"_5cq3 _1ktf\" data-ft=\"{&quot;tn&quot;:&quot;E&quot;}\">\n<div id=\"u_3g_4\" class=\"uiScaledImageContainer _4-ep\"><img loading=\"lazy\" decoding=\"async\" class=\"scaledImageFitWidth img\" src=\"https:\/\/scontent-dus1-1.xx.fbcdn.net\/v\/t1.0-0\/p320x320\/92811055_1425021951014638_4620774925139968000_o.jpg?_nc_cat=100&amp;_nc_sid=8024bb&amp;_nc_ohc=9MIvzT2M_28AX8di-b_&amp;_nc_ht=scontent-dus1-1.xx&amp;_nc_tp=6&amp;oh=1473c680262ab68d7f5c743e8ce83f01&amp;oe=5EB92693\" alt=\"Bild k\u00f6nnte enthalten: Pferd, im Freien und Natur\" width=\"474\" height=\"316\" data-src=\"https:\/\/scontent-dus1-1.xx.fbcdn.net\/v\/t1.0-0\/p320x320\/92811055_1425021951014638_4620774925139968000_o.jpg?_nc_cat=100&amp;_nc_sid=8024bb&amp;_nc_ohc=9MIvzT2M_28AX8di-b_&amp;_nc_ht=scontent-dus1-1.xx&amp;_nc_tp=6&amp;oh=1473c680262ab68d7f5c743e8ce83f01&amp;oe=5EB92693\" \/><\/div>\n<\/div>\n<\/div>\n<\/div>\n<\/div>\n<\/div>\n<p>&nbsp;<\/p>\n<p>&nbsp;<\/p>\n<p><strong><span style=\"font-size: 14pt;\">11. April 2020<\/span><\/strong><\/p>\n<div id=\"js_7o\" class=\"_5pbx userContent _3576\" data-ft=\"{&quot;tn&quot;:&quot;K&quot;}\" data-testid=\"post_message\">\n<p>Das 7. Fohlen ist geboren! Ein sehr langbeiniges und typvolles Hengstfohlen von <a href=\"https:\/\/eu-besamungsstation.soederhof.de\/duke-of-hearts-xx\/\">Duke of Hearts xx<\/a> aus der <a href=\"https:\/\/eu-besamungsstation.soederhof.de\/stuten\/\">Rubinella<\/a> von Guardian und der Pr.St. Ruby von Arrak<\/p>\n<\/div>\n<div class=\"_3x-2\" data-ft=\"{&quot;tn&quot;:&quot;H&quot;}\">\n<div data-ft=\"{&quot;tn&quot;:&quot;H&quot;}\">\n<div class=\"mtm\">\n<div>\n<div class=\"_5cq3 _1ktf\" data-ft=\"{&quot;tn&quot;:&quot;E&quot;}\">\n<div id=\"u_1n_q\" class=\"uiScaledImageContainer _4-ep\"><img loading=\"lazy\" decoding=\"async\" class=\"scaledImageFitWidth img\" src=\"https:\/\/scontent-dus1-1.xx.fbcdn.net\/v\/t1.0-0\/p526x296\/92848425_1424083347775165_1477723716262559744_n.jpg?_nc_cat=110&amp;_nc_sid=110474&amp;_nc_ohc=99FlT6ebdBkAX-YeqY3&amp;_nc_ht=scontent-dus1-1.xx&amp;_nc_tp=6&amp;oh=99c07055aeed07025f7eded9c69f8a17&amp;oe=5EB913FE\" alt=\"Bild k\u00f6nnte enthalten: im Freien\" width=\"500\" height=\"376\" data-src=\"https:\/\/scontent-dus1-1.xx.fbcdn.net\/v\/t1.0-0\/p526x296\/92848425_1424083347775165_1477723716262559744_n.jpg?_nc_cat=110&amp;_nc_sid=110474&amp;_nc_ohc=99FlT6ebdBkAX-YeqY3&amp;_nc_ht=scontent-dus1-1.xx&amp;_nc_tp=6&amp;oh=99c07055aeed07025f7eded9c69f8a17&amp;oe=5EB913FE\" \/><\/div>\n<\/div>\n<\/div>\n<\/div>\n<\/div>\n<\/div>\n<p>&nbsp;<\/p>\n<p>&nbsp;<\/p>\n<p><span style=\"font-size: 14pt;\"><strong>08. April 2020<\/strong><\/span><\/p>\n<p>Ein wundersch\u00f6nes und sehr bedeutendes Stutfohlen kam soeben zur Welt. Es stammt ab von Martinborough aus der <a href=\"https:\/\/eu-besamungsstation.soederhof.de\/stuten\/\">Zuckerpuppe<\/a> von Seattle Dancer x Highest Honour. Wir gratulieren der Z\u00fcchterin Erika M\u00e4der ganz herzlich!<span class=\"_5mfr\"><span class=\"_6qdm\">\ud83c\udf40<\/span><\/span><\/p>\n<p><a href=\"https:\/\/eu-besamungsstation.soederhof.de\/wp-content\/uploads\/2020\/04\/Fohlen-Zuckerpuppe.jpg\"><img loading=\"lazy\" decoding=\"async\" class=\"alignnone size-full wp-image-2183\" src=\"https:\/\/eu-besamungsstation.soederhof.de\/wp-content\/uploads\/2020\/04\/Fohlen-Zuckerpuppe.jpg\" alt=\"\" width=\"720\" height=\"960\" srcset=\"https:\/\/eu-besamungsstation.soederhof.de\/wp-content\/uploads\/2020\/04\/Fohlen-Zuckerpuppe.jpg 720w, https:\/\/eu-besamungsstation.soederhof.de\/wp-content\/uploads\/2020\/04\/Fohlen-Zuckerpuppe-225x300.jpg 225w\" sizes=\"auto, (max-width: 720px) 100vw, 720px\" \/><\/a><\/p>\n<p>&nbsp;<\/p>\n<p>&nbsp;<\/p>\n<p><span style=\"font-size: 14pt;\"><strong>09. April 2020<\/strong><\/span><\/p>\n<p>Aktuelle Bilder von unserem <a href=\"https:\/\/eu-besamungsstation.soederhof.de\/b-wurf\/\"><strong>B-Wurf<\/strong><\/a> sind jetzt online!<\/p>\n<p><a href=\"https:\/\/eu-besamungsstation.soederhof.de\/wp-content\/uploads\/2020\/04\/Aktuelle-Kiste.jpeg\"><img loading=\"lazy\" decoding=\"async\" class=\"alignnone  wp-image-2153\" src=\"https:\/\/eu-besamungsstation.soederhof.de\/wp-content\/uploads\/2020\/04\/Aktuelle-Kiste.jpeg\" alt=\"\" width=\"294\" height=\"221\" srcset=\"https:\/\/eu-besamungsstation.soederhof.de\/wp-content\/uploads\/2020\/04\/Aktuelle-Kiste.jpeg 1024w, https:\/\/eu-besamungsstation.soederhof.de\/wp-content\/uploads\/2020\/04\/Aktuelle-Kiste-300x225.jpeg 300w, https:\/\/eu-besamungsstation.soederhof.de\/wp-content\/uploads\/2020\/04\/Aktuelle-Kiste-768x576.jpeg 768w\" sizes=\"auto, (max-width: 294px) 100vw, 294px\" \/><\/a><\/p>\n<p><span style=\"font-size: 14pt;\"><strong>31. M\u00e4rz 2020<\/strong><\/span><\/p>\n<p>Die Seite von <a href=\"https:\/\/eu-besamungsstation.soederhof.de\/grenoble\/\">Grenoble<\/a> ist jetzt online!!<\/p>\n<figure id=\"attachment_2098\" aria-describedby=\"caption-attachment-2098\" style=\"width: 2500px\" class=\"wp-caption alignnone\"><a href=\"https:\/\/eu-besamungsstation.soederhof.de\/wp-content\/uploads\/2020\/03\/KopfNr.-19-Grenoble_SL_924-004-345.jpg\"><img loading=\"lazy\" decoding=\"async\" class=\"size-full wp-image-2098\" src=\"https:\/\/eu-besamungsstation.soederhof.de\/wp-content\/uploads\/2020\/03\/KopfNr.-19-Grenoble_SL_924-004-345.jpg\" alt=\"\" width=\"2500\" height=\"1666\" srcset=\"https:\/\/eu-besamungsstation.soederhof.de\/wp-content\/uploads\/2020\/03\/KopfNr.-19-Grenoble_SL_924-004-345.jpg 2500w, https:\/\/eu-besamungsstation.soederhof.de\/wp-content\/uploads\/2020\/03\/KopfNr.-19-Grenoble_SL_924-004-345-300x200.jpg 300w, https:\/\/eu-besamungsstation.soederhof.de\/wp-content\/uploads\/2020\/03\/KopfNr.-19-Grenoble_SL_924-004-345-1024x682.jpg 1024w, https:\/\/eu-besamungsstation.soederhof.de\/wp-content\/uploads\/2020\/03\/KopfNr.-19-Grenoble_SL_924-004-345-768x512.jpg 768w, https:\/\/eu-besamungsstation.soederhof.de\/wp-content\/uploads\/2020\/03\/KopfNr.-19-Grenoble_SL_924-004-345-1536x1024.jpg 1536w, https:\/\/eu-besamungsstation.soederhof.de\/wp-content\/uploads\/2020\/03\/KopfNr.-19-Grenoble_SL_924-004-345-2048x1365.jpg 2048w\" sizes=\"auto, (max-width: 2500px) 100vw, 2500px\" \/><\/a><figcaption id=\"caption-attachment-2098\" class=\"wp-caption-text\">KopfNr. 19 Grenoble<br \/>\nNeum\u00fcnster &#8211; Trakehner Hengstmarkt 2019<br \/>\nFreispringen<br \/>\n08. November 2019<br \/>\n\u00a9 www.sportfotos-lafrentz.de\/Stefan Lafrentz<\/figcaption><\/figure>\n<p>&nbsp;<\/p>\n<p>&nbsp;<\/p>\n<p><span style=\"font-size: 14pt;\"><strong>30. M\u00e4rz 2020<\/strong><\/span><\/p>\n<p>Ganz herzlichen Gl\u00fcckwunsch Imke Eppers zu diesem bezaubernden Hengstfohlen von <a href=\"https:\/\/eu-besamungsstation.soederhof.de\/lelu-de-dun-aa\/\">L\u2019Elu de Dun AA<\/a> a.d.<a href=\"https:\/\/eu-besamungsstation.soederhof.de\/stuten\/\"> Peu \u00e0 Peu<\/a> v. Kasparow x Bajar<\/p>\n<p><a href=\"https:\/\/eu-besamungsstation.soederhof.de\/wp-content\/uploads\/2020\/03\/Fohlen-Peu-a-Peu.jpg\"><img loading=\"lazy\" decoding=\"async\" class=\"alignnone size-full wp-image-2091\" src=\"https:\/\/eu-besamungsstation.soederhof.de\/wp-content\/uploads\/2020\/03\/Fohlen-Peu-a-Peu.jpg\" alt=\"\" width=\"720\" height=\"960\" srcset=\"https:\/\/eu-besamungsstation.soederhof.de\/wp-content\/uploads\/2020\/03\/Fohlen-Peu-a-Peu.jpg 720w, https:\/\/eu-besamungsstation.soederhof.de\/wp-content\/uploads\/2020\/03\/Fohlen-Peu-a-Peu-225x300.jpg 225w\" sizes=\"auto, (max-width: 720px) 100vw, 720px\" \/><\/a><\/p>\n<p>&nbsp;<\/p>\n<p>&nbsp;<\/p>\n<p><span style=\"font-size: 14pt;\"><strong>24. M\u00e4rz 2020<\/strong><\/span><\/p>\n<p>Wir bringen etwas Farbe ins Spiel! <a href=\"https:\/\/eu-besamungsstation.soederhof.de\/wp-content\/uploads\/2020\/03\/Grenoble-Box.jpg\"><img loading=\"lazy\" decoding=\"async\" class=\"alignnone wp-image-2085 size-full\" src=\"https:\/\/eu-besamungsstation.soederhof.de\/wp-content\/uploads\/2020\/03\/Grenoble-Box.jpg\" alt=\"\" width=\"960\" height=\"960\" srcset=\"https:\/\/eu-besamungsstation.soederhof.de\/wp-content\/uploads\/2020\/03\/Grenoble-Box.jpg 960w, https:\/\/eu-besamungsstation.soederhof.de\/wp-content\/uploads\/2020\/03\/Grenoble-Box-300x300.jpg 300w, https:\/\/eu-besamungsstation.soederhof.de\/wp-content\/uploads\/2020\/03\/Grenoble-Box-150x150.jpg 150w, https:\/\/eu-besamungsstation.soederhof.de\/wp-content\/uploads\/2020\/03\/Grenoble-Box-768x768.jpg 768w\" sizes=\"auto, (max-width: 960px) 100vw, 960px\" \/><\/a> Grenoble ist bei uns eingezogen und steht den Z\u00fcchtern ab dem 20. April \u00fcber Frischsamenversand zur Verf\u00fcgung! Wir freuen uns, dass dieser edel gezogene und doppelt veranlagte Junghengst unsere Hengstkollektion bereichert. Vielen Dank Stefanie Christians f\u00fcr das entgegengebrachte Vertrauen!<\/p>\n<p>&nbsp;<\/p>\n<p>&nbsp;<\/p>\n<p><strong><span style=\"font-size: 14pt;\">22. M\u00e4rz 2020<\/span><\/strong><\/p>\n<p>Unsere Frida hat heute ihre Welpen bekommen \ud83e\udd70<\/p>\n<p><a href=\"https:\/\/eu-besamungsstation.soederhof.de\/wp-content\/uploads\/2020\/03\/Frida-und-die-7-Zwerge.jpg\"><img loading=\"lazy\" decoding=\"async\" class=\"alignnone size-full wp-image-2083\" src=\"https:\/\/eu-besamungsstation.soederhof.de\/wp-content\/uploads\/2020\/03\/Frida-und-die-7-Zwerge.jpg\" alt=\"\" width=\"540\" height=\"960\" srcset=\"https:\/\/eu-besamungsstation.soederhof.de\/wp-content\/uploads\/2020\/03\/Frida-und-die-7-Zwerge.jpg 540w, https:\/\/eu-besamungsstation.soederhof.de\/wp-content\/uploads\/2020\/03\/Frida-und-die-7-Zwerge-169x300.jpg 169w\" sizes=\"auto, (max-width: 540px) 100vw, 540px\" \/><\/a><\/p>\n<p>&nbsp;<\/p>\n<p>&nbsp;<\/p>\n<p><strong><span style=\"font-size: 14pt;\">15. M\u00e4rz 2020<\/span><\/strong><\/p>\n<p>Ein paar aktuelle Bilder von unserem 26-j\u00e4hrigen Deckhengst <a href=\"https:\/\/eu-besamungsstation.soederhof.de\/fandsy-x\/\">Fandsy *AA*<\/a><\/p>\n<p><a href=\"https:\/\/eu-besamungsstation.soederhof.de\/wp-content\/uploads\/2020\/03\/Fandsy-Stand.jpg\" target=\"_blank\" rel=\"noopener noreferrer\"><img loading=\"lazy\" decoding=\"async\" class=\"alignnone wp-image-2077 size-large\" src=\"https:\/\/eu-besamungsstation.soederhof.de\/wp-content\/uploads\/2020\/03\/Fandsy-Stand-1024x683.jpg\" alt=\"\" width=\"800\" height=\"534\" srcset=\"https:\/\/eu-besamungsstation.soederhof.de\/wp-content\/uploads\/2020\/03\/Fandsy-Stand-1024x683.jpg 1024w, https:\/\/eu-besamungsstation.soederhof.de\/wp-content\/uploads\/2020\/03\/Fandsy-Stand-300x200.jpg 300w, https:\/\/eu-besamungsstation.soederhof.de\/wp-content\/uploads\/2020\/03\/Fandsy-Stand-768x512.jpg 768w, https:\/\/eu-besamungsstation.soederhof.de\/wp-content\/uploads\/2020\/03\/Fandsy-Stand-1536x1024.jpg 1536w, https:\/\/eu-besamungsstation.soederhof.de\/wp-content\/uploads\/2020\/03\/Fandsy-Stand.jpg 1944w\" sizes=\"auto, (max-width: 800px) 100vw, 800px\" \/><\/a> <a href=\"https:\/\/eu-besamungsstation.soederhof.de\/wp-content\/uploads\/2020\/03\/Fandsy-Front.jpg\"><img loading=\"lazy\" decoding=\"async\" class=\"alignnone size-full wp-image-2078\" src=\"https:\/\/eu-besamungsstation.soederhof.de\/wp-content\/uploads\/2020\/03\/Fandsy-Front.jpg\" alt=\"\" width=\"642\" height=\"960\" srcset=\"https:\/\/eu-besamungsstation.soederhof.de\/wp-content\/uploads\/2020\/03\/Fandsy-Front.jpg 642w, https:\/\/eu-besamungsstation.soederhof.de\/wp-content\/uploads\/2020\/03\/Fandsy-Front-201x300.jpg 201w\" sizes=\"auto, (max-width: 642px) 100vw, 642px\" \/><\/a> <a href=\"https:\/\/eu-besamungsstation.soederhof.de\/wp-content\/uploads\/2020\/03\/Fandsy.jpg\"><img loading=\"lazy\" decoding=\"async\" class=\"alignnone size-full wp-image-2079\" src=\"https:\/\/eu-besamungsstation.soederhof.de\/wp-content\/uploads\/2020\/03\/Fandsy.jpg\" alt=\"\" width=\"1944\" height=\"1296\" srcset=\"https:\/\/eu-besamungsstation.soederhof.de\/wp-content\/uploads\/2020\/03\/Fandsy.jpg 1944w, https:\/\/eu-besamungsstation.soederhof.de\/wp-content\/uploads\/2020\/03\/Fandsy-300x200.jpg 300w, https:\/\/eu-besamungsstation.soederhof.de\/wp-content\/uploads\/2020\/03\/Fandsy-1024x683.jpg 1024w, https:\/\/eu-besamungsstation.soederhof.de\/wp-content\/uploads\/2020\/03\/Fandsy-768x512.jpg 768w, https:\/\/eu-besamungsstation.soederhof.de\/wp-content\/uploads\/2020\/03\/Fandsy-1536x1024.jpg 1536w\" sizes=\"auto, (max-width: 1944px) 100vw, 1944px\" \/><\/a><\/p>\n<p>&nbsp;<\/p>\n<p><strong><span style=\"font-size: 14pt;\">11. M\u00e4rz 2020<\/span><\/strong><\/p>\n<p>Letzte Nacht wurde ein weiteres Hengstfohlen geboren. Das erste Fohlen unserer <a href=\"https:\/\/eu-besamungsstation.soederhof.de\/stuten\/\">Pr\u00e4mienstute Buena Vista<\/a> von Guardian und der Pr.St. u. St.Pr.St. Beate von Kostolany. Wie nicht zu \u00fcbersehen ist ist er ein Sohn unseres <a href=\"https:\/\/eu-besamungsstation.soederhof.de\/duke-of-hearts-xx\/\">Duke of Hearts xx.<\/a><\/p>\n<p><a href=\"https:\/\/eu-besamungsstation.soederhof.de\/wp-content\/uploads\/2020\/03\/Banks.jpg\" target=\"_blank\" rel=\"noopener noreferrer\"><img loading=\"lazy\" decoding=\"async\" class=\"alignnone wp-image-2061 size-medium\" src=\"https:\/\/eu-besamungsstation.soederhof.de\/wp-content\/uploads\/2020\/03\/Banks-300x225.jpg\" alt=\"\" width=\"300\" height=\"225\" srcset=\"https:\/\/eu-besamungsstation.soederhof.de\/wp-content\/uploads\/2020\/03\/Banks-300x225.jpg 300w, https:\/\/eu-besamungsstation.soederhof.de\/wp-content\/uploads\/2020\/03\/Banks-768x576.jpg 768w, https:\/\/eu-besamungsstation.soederhof.de\/wp-content\/uploads\/2020\/03\/Banks.jpg 960w\" sizes=\"auto, (max-width: 300px) 100vw, 300px\" \/><\/a> <a href=\"https:\/\/eu-besamungsstation.soederhof.de\/wp-content\/uploads\/2020\/03\/Banks-front.jpg\" target=\"_blank\" rel=\"noopener noreferrer\"><img loading=\"lazy\" decoding=\"async\" class=\"alignnone wp-image-2062 size-medium\" src=\"https:\/\/eu-besamungsstation.soederhof.de\/wp-content\/uploads\/2020\/03\/Banks-front-225x300.jpg\" alt=\"\" width=\"225\" height=\"300\" srcset=\"https:\/\/eu-besamungsstation.soederhof.de\/wp-content\/uploads\/2020\/03\/Banks-front-225x300.jpg 225w, https:\/\/eu-besamungsstation.soederhof.de\/wp-content\/uploads\/2020\/03\/Banks-front.jpg 720w\" sizes=\"auto, (max-width: 225px) 100vw, 225px\" \/><\/a><\/p>\n<p>&nbsp;<\/p>\n<p>&nbsp;<\/p>\n<p><strong><span style=\"font-size: 14pt;\">03. M\u00e4rz 2020<\/span><\/strong><\/p>\n<p><a href=\"https:\/\/eu-besamungsstation.soederhof.de\/wp-content\/uploads\/2020\/03\/Dukes-Coloured-Symphony-1.pdf\">Duke&#8217;s Coloured Symphony<\/a><\/p>\n<p><a href=\"https:\/\/eu-besamungsstation.soederhof.de\/wp-content\/uploads\/2020\/03\/Dukes-Coloured-Symphony-Sprung.jpg\" target=\"_blank\" rel=\"noopener noreferrer\"><img loading=\"lazy\" decoding=\"async\" class=\"alignnone wp-image-2058 size-medium\" src=\"https:\/\/eu-besamungsstation.soederhof.de\/wp-content\/uploads\/2020\/03\/Dukes-Coloured-Symphony-Sprung-300x171.jpg\" alt=\"\" width=\"300\" height=\"171\" srcset=\"https:\/\/eu-besamungsstation.soederhof.de\/wp-content\/uploads\/2020\/03\/Dukes-Coloured-Symphony-Sprung-300x171.jpg 300w, https:\/\/eu-besamungsstation.soederhof.de\/wp-content\/uploads\/2020\/03\/Dukes-Coloured-Symphony-Sprung-1024x584.jpg 1024w, https:\/\/eu-besamungsstation.soederhof.de\/wp-content\/uploads\/2020\/03\/Dukes-Coloured-Symphony-Sprung-768x438.jpg 768w, https:\/\/eu-besamungsstation.soederhof.de\/wp-content\/uploads\/2020\/03\/Dukes-Coloured-Symphony-Sprung-1536x876.jpg 1536w, https:\/\/eu-besamungsstation.soederhof.de\/wp-content\/uploads\/2020\/03\/Dukes-Coloured-Symphony-Sprung.jpg 1893w\" sizes=\"auto, (max-width: 300px) 100vw, 300px\" \/><\/a><\/p>\n<p>&nbsp;<\/p>\n<p><span style=\"font-size: 14pt;\"><strong>01. M\u00e4rz 2020<\/strong><\/span><\/p>\n<p>&nbsp;<\/p>\n<p><strong>Duke of Hearts xx Nachkommen nicht \u00fcbersehbar<\/strong><\/p>\n<p>Ende Februar ds. Js. fand auf Schlo\u00df Sindlingen wieder der Talentschuppen der Nachwuchspferde f\u00fcr den Vielseitigkeitssport statt.<\/p>\n<p>Unter dem fachm\u00e4nnischen Auge von R\u00fcdiger Rau und Dr. Carina Krumbiegel wurden die Pferde unter dem Reiter begutachtet. Dabei wurde die dressurm\u00e4\u00dfige Veranlagung und das Springen \u00fcber Parcours- und Gel\u00e4ndehindernisse abgefragt.<\/p>\n<p>Als besonders f\u00f6rderungsw\u00fcrdig wurden dabei zwei Nachkommen unseres Vollblutvererbers <strong>Duke of Hearts xx<\/strong> herausgestellt.<\/p>\n<p>Zum einen ist dieses der aus der Zucht von Dr. med. Christiane Terpeluk, Allmendingen stammende <strong>Duke`s Daylight<\/strong>, ein vierj\u00e4hriger Sohn des Duke of Hearts xx aus einer Rubinero- Donnerhall \u2013 Pik Plaisir Mutter und der aus der Zucht von Wolfgang Martin, Kraichtal stammende <strong>Do it Now<\/strong>, der ebenfalls vom Duke of Hearts xx abstammt und m\u00fctterlicherseits die Gene des Ibisco xx sowie die bekannte Rosenbl\u00fcte vom Rainbow \u2013 Ganymed I zur Gro\u00dfmutter hat.<\/p>\n<p>Wir gratulieren den Z\u00fcchtern und den Besitzern ganz herzlich zu diesem tollen Erfolg und w\u00fcnschen auf dem weiteren Weg alles Gute.<\/p>\n<p>&nbsp;<\/p>\n<p><span style=\"font-size: 14pt;\"><strong>26. Februar 2020<\/strong><\/span><\/p>\n<p><strong>Wir erwarten <a href=\"https:\/\/eu-besamungsstation.soederhof.de\/whippets\/\">Welpen<\/a>!!<\/strong><\/p>\n<p>Ende M\u00e4rz erwarten wir unseren B-Wurf von Frieda (<a href=\"https:\/\/whippet.breedarchive.com\/animal\/view\/debbie-of-little-goblin-5c584ad9-c4b2-460c-9f1f-e6ea5adad4a5\">Debbie of Little Goblin<\/a>) und Giotto (<a href=\"https:\/\/whippet.breedarchive.com\/animal\/view\/rivarco-fantastico-giotto-at-esplendigos-589732cc-1441-479a-bda3-f5a1098f0a0f\">Rivarco Fantastico Giotto at Esplendigos<\/a>)<\/p>\n<p>Ganz herzlichen Dank f\u00fcr die tolle Unterst\u00fctzung an Dana Brenten von <a href=\"http:\/\/esplendigos-whippets.blogspot.com\/\">Esplendigos Whippets<\/a><\/p>\n<p>\u00a0 \u00a0 <img loading=\"lazy\" decoding=\"async\" class=\"alignnone size-full wp-image-2020\" src=\"https:\/\/eu-besamungsstation.soederhof.de\/wp-content\/uploads\/2020\/02\/Frieda.jpg\" alt=\"\" width=\"300\" height=\"225\" \/> \u00a0\u00a0 \u00a0\u00a0 \u00a0\u00a0 \u00a0\u00a0 \u00a0\u00a0 \u00a0\u00a0 \u00a0\u00a0 \u00a0\u00a0 \u00a0\u00a0 \u00a0\u00a0\u00a0 <img loading=\"lazy\" decoding=\"async\" class=\"alignnone wp-image-2021 size-medium\" src=\"https:\/\/eu-besamungsstation.soederhof.de\/wp-content\/uploads\/2020\/02\/Giotto-Front-187x300.jpg\" sizes=\"auto, (max-width: 187px) 100vw, 187px\" srcset=\"https:\/\/eu-besamungsstation.soederhof.de\/wp-content\/uploads\/2020\/02\/Giotto-Front-187x300.jpg 187w, https:\/\/eu-besamungsstation.soederhof.de\/wp-content\/uploads\/2020\/02\/Giotto-Front-639x1024.jpg 639w, https:\/\/eu-besamungsstation.soederhof.de\/wp-content\/uploads\/2020\/02\/Giotto-Front-768x1230.jpg 768w, https:\/\/eu-besamungsstation.soederhof.de\/wp-content\/uploads\/2020\/02\/Giotto-Front-959x1536.jpg 959w, https:\/\/eu-besamungsstation.soederhof.de\/wp-content\/uploads\/2020\/02\/Giotto-Front.jpg 999w\" alt=\"\" width=\"187\" height=\"300\" \/> Frieda\u00a0\u00a0\u00a0\u00a0\u00a0\u00a0\u00a0\u00a0\u00a0 +\u00a0\u00a0\u00a0\u00a0\u00a0\u00a0\u00a0\u00a0\u00a0\u00a0\u00a0\u00a0\u00a0\u00a0\u00a0\u00a0\u00a0\u00a0\u00a0\u00a0\u00a0\u00a0 Giotto<\/p>\n<\/div>\n<p>&nbsp;<\/p>\n<p>&nbsp;<\/p>\n<p><span style=\"font-size: 14pt;\"><strong>25. Februar 2020<\/strong><\/span><\/p>\n<p>Wir haben heute mal ein erstes Fotoshooting mit unseren Fohlen gemacht. Sie lassen sich nat\u00fcrlich alle schon ganz brav f\u00fchren.<\/p>\n<p>&nbsp;<\/p>\n<p><a href=\"https:\/\/eu-besamungsstation.soederhof.de\/wp-content\/uploads\/2020\/02\/IMG_2944-scaled.jpg\"><img loading=\"lazy\" decoding=\"async\" class=\"alignnone wp-image-2037 \" src=\"https:\/\/eu-besamungsstation.soederhof.de\/wp-content\/uploads\/2020\/02\/IMG_2944-300x200.jpg\" alt=\"\" width=\"327\" height=\"218\" srcset=\"https:\/\/eu-besamungsstation.soederhof.de\/wp-content\/uploads\/2020\/02\/IMG_2944-300x200.jpg 300w, https:\/\/eu-besamungsstation.soederhof.de\/wp-content\/uploads\/2020\/02\/IMG_2944-1024x683.jpg 1024w, https:\/\/eu-besamungsstation.soederhof.de\/wp-content\/uploads\/2020\/02\/IMG_2944-768x512.jpg 768w, https:\/\/eu-besamungsstation.soederhof.de\/wp-content\/uploads\/2020\/02\/IMG_2944-1536x1024.jpg 1536w, https:\/\/eu-besamungsstation.soederhof.de\/wp-content\/uploads\/2020\/02\/IMG_2944-2048x1365.jpg 2048w\" sizes=\"auto, (max-width: 327px) 100vw, 327px\" \/> <\/a><a href=\"https:\/\/eu-besamungsstation.soederhof.de\/wp-content\/uploads\/2020\/02\/IMG_2928.jpg\"><img loading=\"lazy\" decoding=\"async\" class=\"alignnone size-medium wp-image-2038\" src=\"https:\/\/eu-besamungsstation.soederhof.de\/wp-content\/uploads\/2020\/02\/IMG_2928-300x246.jpg\" alt=\"\" width=\"300\" height=\"246\" srcset=\"https:\/\/eu-besamungsstation.soederhof.de\/wp-content\/uploads\/2020\/02\/IMG_2928-300x246.jpg 300w, https:\/\/eu-besamungsstation.soederhof.de\/wp-content\/uploads\/2020\/02\/IMG_2928-1024x839.jpg 1024w, https:\/\/eu-besamungsstation.soederhof.de\/wp-content\/uploads\/2020\/02\/IMG_2928-768x629.jpg 768w, https:\/\/eu-besamungsstation.soederhof.de\/wp-content\/uploads\/2020\/02\/IMG_2928-1536x1258.jpg 1536w, https:\/\/eu-besamungsstation.soederhof.de\/wp-content\/uploads\/2020\/02\/IMG_2928.jpg 1971w\" sizes=\"auto, (max-width: 300px) 100vw, 300px\" \/><\/a><\/p>\n<p>Hengstfohlen von Counterattack aus der Aux Quatre Saisons von Dansili<\/p>\n<p>&nbsp;<\/p>\n<p><a href=\"https:\/\/eu-besamungsstation.soederhof.de\/wp-content\/uploads\/2020\/02\/IMG_2969-scaled.jpg\"><img loading=\"lazy\" decoding=\"async\" class=\"alignnone wp-image-2042 size-medium\" src=\"https:\/\/eu-besamungsstation.soederhof.de\/wp-content\/uploads\/2020\/02\/IMG_2969-200x300.jpg\" alt=\"\" width=\"200\" height=\"300\" srcset=\"https:\/\/eu-besamungsstation.soederhof.de\/wp-content\/uploads\/2020\/02\/IMG_2969-200x300.jpg 200w, https:\/\/eu-besamungsstation.soederhof.de\/wp-content\/uploads\/2020\/02\/IMG_2969-683x1024.jpg 683w, https:\/\/eu-besamungsstation.soederhof.de\/wp-content\/uploads\/2020\/02\/IMG_2969-768x1152.jpg 768w, https:\/\/eu-besamungsstation.soederhof.de\/wp-content\/uploads\/2020\/02\/IMG_2969-1024x1536.jpg 1024w, https:\/\/eu-besamungsstation.soederhof.de\/wp-content\/uploads\/2020\/02\/IMG_2969-1365x2048.jpg 1365w, https:\/\/eu-besamungsstation.soederhof.de\/wp-content\/uploads\/2020\/02\/IMG_2969-scaled.jpg 1707w\" sizes=\"auto, (max-width: 200px) 100vw, 200px\" \/>\u00a0<\/a> <a href=\"https:\/\/eu-besamungsstation.soederhof.de\/wp-content\/uploads\/2020\/02\/IMG_2964-scaled.jpg\"><img loading=\"lazy\" decoding=\"async\" class=\"alignnone size-medium wp-image-2041\" src=\"https:\/\/eu-besamungsstation.soederhof.de\/wp-content\/uploads\/2020\/02\/IMG_2964-200x300.jpg\" alt=\"\" width=\"200\" height=\"300\" srcset=\"https:\/\/eu-besamungsstation.soederhof.de\/wp-content\/uploads\/2020\/02\/IMG_2964-200x300.jpg 200w, https:\/\/eu-besamungsstation.soederhof.de\/wp-content\/uploads\/2020\/02\/IMG_2964-683x1024.jpg 683w, https:\/\/eu-besamungsstation.soederhof.de\/wp-content\/uploads\/2020\/02\/IMG_2964-768x1152.jpg 768w, https:\/\/eu-besamungsstation.soederhof.de\/wp-content\/uploads\/2020\/02\/IMG_2964-1024x1536.jpg 1024w, https:\/\/eu-besamungsstation.soederhof.de\/wp-content\/uploads\/2020\/02\/IMG_2964-1365x2048.jpg 1365w, https:\/\/eu-besamungsstation.soederhof.de\/wp-content\/uploads\/2020\/02\/IMG_2964-scaled.jpg 1707w\" sizes=\"auto, (max-width: 200px) 100vw, 200px\" \/><\/a><a href=\"https:\/\/eu-besamungsstation.soederhof.de\/wp-content\/uploads\/2020\/02\/IMG_2958.jpg\">\u00a0 <img loading=\"lazy\" decoding=\"async\" class=\"alignnone size-medium wp-image-2040\" src=\"https:\/\/eu-besamungsstation.soederhof.de\/wp-content\/uploads\/2020\/02\/IMG_2958-253x300.jpg\" alt=\"\" width=\"253\" height=\"300\" srcset=\"https:\/\/eu-besamungsstation.soederhof.de\/wp-content\/uploads\/2020\/02\/IMG_2958-253x300.jpg 253w, https:\/\/eu-besamungsstation.soederhof.de\/wp-content\/uploads\/2020\/02\/IMG_2958-865x1024.jpg 865w, https:\/\/eu-besamungsstation.soederhof.de\/wp-content\/uploads\/2020\/02\/IMG_2958-768x910.jpg 768w, https:\/\/eu-besamungsstation.soederhof.de\/wp-content\/uploads\/2020\/02\/IMG_2958-1297x1536.jpg 1297w, https:\/\/eu-besamungsstation.soederhof.de\/wp-content\/uploads\/2020\/02\/IMG_2958.jpg 1393w\" sizes=\"auto, (max-width: 253px) 100vw, 253px\" \/><\/a><\/p>\n<p>Hengstfohlen von<a href=\"https:\/\/eu-besamungsstation.soederhof.de\/fandsy-x\/\"> Fandsy AA<\/a> aus der<a href=\"https:\/\/eu-besamungsstation.soederhof.de\/stuten\/\"> Babette<\/a> von Arrak x Huntercombe xx<\/p>\n<p>&nbsp;<\/p>\n<p><a href=\"https:\/\/eu-besamungsstation.soederhof.de\/wp-content\/uploads\/2020\/02\/IMG_3000-scaled.jpg\"><img loading=\"lazy\" decoding=\"async\" class=\"alignnone size-medium wp-image-2045\" src=\"https:\/\/eu-besamungsstation.soederhof.de\/wp-content\/uploads\/2020\/02\/IMG_3000-200x300.jpg\" alt=\"\" width=\"200\" height=\"300\" srcset=\"https:\/\/eu-besamungsstation.soederhof.de\/wp-content\/uploads\/2020\/02\/IMG_3000-200x300.jpg 200w, https:\/\/eu-besamungsstation.soederhof.de\/wp-content\/uploads\/2020\/02\/IMG_3000-683x1024.jpg 683w, https:\/\/eu-besamungsstation.soederhof.de\/wp-content\/uploads\/2020\/02\/IMG_3000-768x1152.jpg 768w, https:\/\/eu-besamungsstation.soederhof.de\/wp-content\/uploads\/2020\/02\/IMG_3000-1024x1536.jpg 1024w, https:\/\/eu-besamungsstation.soederhof.de\/wp-content\/uploads\/2020\/02\/IMG_3000-1365x2048.jpg 1365w, https:\/\/eu-besamungsstation.soederhof.de\/wp-content\/uploads\/2020\/02\/IMG_3000-scaled.jpg 1707w\" sizes=\"auto, (max-width: 200px) 100vw, 200px\" \/><\/a> <a href=\"https:\/\/eu-besamungsstation.soederhof.de\/wp-content\/uploads\/2020\/02\/IMG_2983-scaled.jpg\"><img loading=\"lazy\" decoding=\"async\" class=\"alignnone size-medium wp-image-2044\" src=\"https:\/\/eu-besamungsstation.soederhof.de\/wp-content\/uploads\/2020\/02\/IMG_2983-300x200.jpg\" alt=\"\" width=\"300\" height=\"200\" srcset=\"https:\/\/eu-besamungsstation.soederhof.de\/wp-content\/uploads\/2020\/02\/IMG_2983-300x200.jpg 300w, https:\/\/eu-besamungsstation.soederhof.de\/wp-content\/uploads\/2020\/02\/IMG_2983-1024x683.jpg 1024w, https:\/\/eu-besamungsstation.soederhof.de\/wp-content\/uploads\/2020\/02\/IMG_2983-768x512.jpg 768w, https:\/\/eu-besamungsstation.soederhof.de\/wp-content\/uploads\/2020\/02\/IMG_2983-1536x1024.jpg 1536w, https:\/\/eu-besamungsstation.soederhof.de\/wp-content\/uploads\/2020\/02\/IMG_2983-2048x1365.jpg 2048w\" sizes=\"auto, (max-width: 300px) 100vw, 300px\" \/><\/a> <a href=\"https:\/\/eu-besamungsstation.soederhof.de\/wp-content\/uploads\/2020\/02\/IMG_2978-scaled.jpg\"><img loading=\"lazy\" decoding=\"async\" class=\"alignnone size-medium wp-image-2043\" src=\"https:\/\/eu-besamungsstation.soederhof.de\/wp-content\/uploads\/2020\/02\/IMG_2978-300x200.jpg\" alt=\"\" width=\"300\" height=\"200\" srcset=\"https:\/\/eu-besamungsstation.soederhof.de\/wp-content\/uploads\/2020\/02\/IMG_2978-300x200.jpg 300w, https:\/\/eu-besamungsstation.soederhof.de\/wp-content\/uploads\/2020\/02\/IMG_2978-1024x683.jpg 1024w, https:\/\/eu-besamungsstation.soederhof.de\/wp-content\/uploads\/2020\/02\/IMG_2978-768x512.jpg 768w, https:\/\/eu-besamungsstation.soederhof.de\/wp-content\/uploads\/2020\/02\/IMG_2978-1536x1024.jpg 1536w, https:\/\/eu-besamungsstation.soederhof.de\/wp-content\/uploads\/2020\/02\/IMG_2978-2048x1365.jpg 2048w\" sizes=\"auto, (max-width: 300px) 100vw, 300px\" \/><\/a><\/p>\n<p>Stutfohlen von Zarak a.d. Malia v. Adlerflug<\/p>\n<p>&nbsp;<\/p>\n<div id=\"js_3f\" class=\"_5pbx userContent _3576\" data-ft=\"{&quot;tn&quot;:&quot;K&quot;}\" data-testid=\"post_message\">\n<p><strong><span style=\"font-size: 14pt;\">18. Februar 2020<\/span><\/strong><\/p>\n<p>Nach fast 4 Wochen Versp\u00e4tung ist er jetzt wenigstens zu einer netten Uhrzeit geboren. Hengstfohlen von Counterattack aus der Aux Quatre Saisons von Dansili.<\/p>\n<p><a href=\"https:\/\/eu-besamungsstation.soederhof.de\/wp-content\/uploads\/2020\/02\/Archie-geburt.jpg\" target=\"_blank\" rel=\"noopener noreferrer\"><img loading=\"lazy\" decoding=\"async\" class=\"alignnone wp-image-2035 size-medium\" src=\"https:\/\/eu-besamungsstation.soederhof.de\/wp-content\/uploads\/2020\/02\/Archie-geburt-225x300.jpg\" alt=\"\" width=\"225\" height=\"300\" srcset=\"https:\/\/eu-besamungsstation.soederhof.de\/wp-content\/uploads\/2020\/02\/Archie-geburt-225x300.jpg 225w, https:\/\/eu-besamungsstation.soederhof.de\/wp-content\/uploads\/2020\/02\/Archie-geburt.jpg 720w\" sizes=\"auto, (max-width: 225px) 100vw, 225px\" \/><\/a><\/p>\n<p>&nbsp;<\/p>\n<p>&nbsp;<\/p>\n<p><span style=\"font-size: 14pt;\"><strong>15. Februar 2020<\/strong><\/span><\/p>\n<p>\u00a0Ab Mitte M\u00e4rz steht<a href=\"https:\/\/eu-besamungsstation.soederhof.de\/kunar-t\/\"> Kunar T<\/a> im Frischsamenversand \u00fcber den S\u00f6derhof- EU Besamungsstation zur Verf\u00fcgung.<\/p>\n<p>Siehe unten<a href=\"https:\/\/eu-besamungsstation.soederhof.de\/deckbedingungen-der-eu-besamungsstation-soederhof\/\"> Samenbestellung und Deckbedingungen.<\/a><\/p>\n<p><img loading=\"lazy\" decoding=\"async\" id=\"mce-1769\" src=\"https:\/\/www.gestuet-amal.de\/attachments\/Image\/69314660_490730298159723_2072896073411592192_n.png?template=generic\" alt=\"\" width=\"500\" height=\"750\" \/><\/p>\n<p>&nbsp;<\/p>\n<p><span style=\"font-size: 14pt;\"><strong>11. Februar 2020<\/strong><\/span><\/p>\n<div id=\"js_31\" class=\"_5pbx userContent _3576\" data-ft=\"{&quot;tn&quot;:&quot;K&quot;}\" data-testid=\"post_message\">\n<p>Diesen sch\u00f6nen Moment konnte Meike D\u00fcsterwald <a class=\"profileLink\" href=\"https:\/\/www.facebook.com\/meikeduesterwald\/?__tn__=K-R&amp;eid=ARALvjvofM46VW9rg23JFuS-LYABkII7yk_QkX_Flbxkg70q2iE7mo_W-TbxhaL0zzNSCv_IxtM1L6jU&amp;fref=mentions&amp;__xts__%5B0%5D=68.ARA6D3SWBEKe8-4qtqP4q9oM7gvpKaOJiaWbtdffSUP9EB5zdnIgEblzXUfzlULgPn2mWnVGh3AAYaWm9EaXcdFkfbN_7MSxtk_NfI4AebHNFGkhXGyuDH_ARHgY3PNU1FJT9ornm_qQj8m0eEIOg6Qa8fndCsORv2WWMqGaHh0qQ85v3vve2nYORRaHDj9_oybz4NlSyadMC7Gi6bnPX3xHEuOnhYYqhPYAOVjo0LE7iWWjsPPWfMdvgjYtsgEkN4kjilQsfFrU2xjYO1a_90p8M5kl8pTbK_dz_3DtNYZeJHnQEW7MdCxlnrxaaFIW1CDG-JWPNwXadkPR0SjAx7GXeA\" data-hovercard-prefer-more-content-show=\"1\" data-hovercard=\"\/ajax\/hovercard\/page.php?id=777778852372042&amp;extragetparams=%7B%22__tn__%22%3A%22%2CdK-R-R%22%2C%22eid%22%3A%22ARALvjvofM46VW9rg23JFuS-LYABkII7yk_QkX_Flbxkg70q2iE7mo_W-TbxhaL0zzNSCv_IxtM1L6jU%22%2C%22fref%22%3A%22mentions%22%7D\">https:\/\/www.facebook.com\/meikeduesterwald\/<\/a> bei der Hengstschau in M\u00fcnster-Handorf einfangen! Ganz herzlichen Dank daf\u00fcr!<\/p>\n<\/div>\n<div class=\"_3x-2\" data-ft=\"{&quot;tn&quot;:&quot;H&quot;}\">\n<div data-ft=\"{&quot;tn&quot;:&quot;H&quot;}\">\n<div class=\"mtm\">\n<div>\n<div class=\"_5cq3 _1ktf\" data-ft=\"{&quot;tn&quot;:&quot;E&quot;}\">\n<div id=\"u_18_e\" class=\"uiScaledImageContainer _4-ep\"><img loading=\"lazy\" decoding=\"async\" class=\"scaledImageFitWidth img\" src=\"https:\/\/scontent-dus1-1.xx.fbcdn.net\/v\/t1.0-9\/86191016_1374322476084586_8940443686160826368_n.jpg?_nc_cat=101&amp;_nc_ohc=jwMwvPmGgGYAX-cf380&amp;_nc_ht=scontent-dus1-1.xx&amp;oh=3371ff9b20b0f6334ca7a1d626e6b150&amp;oe=5EBC5BAD\" alt=\"Bild k\u00f6nnte enthalten: eine oder mehrere Personen, Personen, die stehen und im Freien\" width=\"474\" height=\"316\" data-src=\"https:\/\/scontent-dus1-1.xx.fbcdn.net\/v\/t1.0-9\/86191016_1374322476084586_8940443686160826368_n.jpg?_nc_cat=101&amp;_nc_ohc=jwMwvPmGgGYAX-cf380&amp;_nc_ht=scontent-dus1-1.xx&amp;oh=3371ff9b20b0f6334ca7a1d626e6b150&amp;oe=5EBC5BAD\" \/><\/div>\n<\/div>\n<\/div>\n<\/div>\n<\/div>\n<\/div>\n<p>&nbsp;<\/p>\n<p><span style=\"font-size: 14pt;\"><strong>09. Februar 2020<\/strong><\/span><\/p>\n<div id=\"js_2p\" class=\"_5pbx userContent _3576\" data-ft=\"{&quot;tn&quot;:&quot;K&quot;}\" data-testid=\"post_message\">\n<p>Bei Orkan und Starkregen kam dieses bedeutende Hengstfohlen von<a href=\"https:\/\/eu-besamungsstation.soederhof.de\/fandsy-x\/\"> Fandsy AA<\/a> aus der<a href=\"https:\/\/eu-besamungsstation.soederhof.de\/stuten\/\"> Babette<\/a> von Arrak x Huntercombe xx zur Welt! Die beiden stolzen Eltern sind zusammen 46 Jahre alt!<\/p>\n<\/div>\n<div class=\"_3x-2\" data-ft=\"{&quot;tn&quot;:&quot;H&quot;}\">\n<div data-ft=\"{&quot;tn&quot;:&quot;H&quot;}\">\n<div class=\"mtm\">\n<div>\n<div class=\"_1ktf\" data-ft=\"{&quot;tn&quot;:&quot;E&quot;}\">\n<div class=\"uiScaledImageContainer _517g\"><img loading=\"lazy\" decoding=\"async\" class=\"scaledImageFitWidth img\" src=\"https:\/\/scontent-dus1-1.xx.fbcdn.net\/v\/t1.0-0\/p480x480\/85154667_1373197062863794_6144146374163169280_n.jpg?_nc_cat=104&amp;_nc_ohc=jw4VtvR2g0YAX_e7mak&amp;_nc_ht=scontent-dus1-1.xx&amp;_nc_tp=6&amp;oh=67ddd19c7d8884f2e988eeee0ea44cf0&amp;oe=5ECB8A87\" alt=\"Bild k\u00f6nnte enthalten: Pferd und im Freien\" width=\"474\" height=\"632\" data-src=\"https:\/\/scontent-dus1-1.xx.fbcdn.net\/v\/t1.0-0\/p480x480\/85154667_1373197062863794_6144146374163169280_n.jpg?_nc_cat=104&amp;_nc_ohc=jw4VtvR2g0YAX_e7mak&amp;_nc_ht=scontent-dus1-1.xx&amp;_nc_tp=6&amp;oh=67ddd19c7d8884f2e988eeee0ea44cf0&amp;oe=5ECB8A87\" \/><\/div>\n<\/div>\n<\/div>\n<\/div>\n<\/div>\n<\/div>\n<p>&nbsp;<\/p>\n<p>&nbsp;<\/p>\n<p><strong><span style=\"font-size: 14pt;\">\u00a025. Januar 2020 <\/span><\/strong><\/p>\n<p><a href=\"boscaccio\">Boscaccio<\/a> bei der Deckhengst-Pr\u00e4sentation im Gest\u00fct R\u00f6ttgen! Das Video wurde uns freundlicher Weise zur Verf\u00fcgung gestellt von <a href=\"http:\/\/turf-times.de\/\">http:\/\/turf-times.de\/<\/a>. Unbedingt mit Ton h\u00f6ren!<\/p>\n<p>&nbsp;<\/p>\n<p>&nbsp;<\/p>\n<p><span style=\"font-size: 14pt;\"><strong>16. Januar 2020<\/strong><\/span><\/p>\n<p>Das erste Fohlen ist geboren! Ein wundersch\u00f6nes Stutfohlen von Zarak a.d. Malia v. Adlerflug. Wir gratulieren den Z\u00fcchtern vom Stall Wolfswinkel ganz herzlich!!<\/p>\n<\/div>\n<div class=\"_3x-2\" data-ft=\"{&quot;tn&quot;:&quot;H&quot;}\">\n<div data-ft=\"{&quot;tn&quot;:&quot;H&quot;}\">\n<div class=\"mtm\">\n<div class=\"_2a2q _65sr\">\n<div class=\"uiScaledImageContainer\"><img loading=\"lazy\" decoding=\"async\" class=\"scaledImageFitHeight img alignnone\" src=\"https:\/\/scontent-dus1-1.xx.fbcdn.net\/v\/t1.0-0\/s480x480\/82047437_1353469271503240_1243392976357425152_n.jpg?_nc_cat=111&amp;_nc_ohc=NQjwypf7t2UAX9gu-p6&amp;_nc_ht=scontent-dus1-1.xx&amp;_nc_tp=1002&amp;oh=ff6530a11e011679f4e52dc06030a458&amp;oe=5E8F13FC\" alt=\"Bild k\u00f6nnte enthalten: im Freien\" width=\"356\" height=\"474\" data-src=\"https:\/\/scontent-dus1-1.xx.fbcdn.net\/v\/t1.0-0\/s480x480\/82047437_1353469271503240_1243392976357425152_n.jpg?_nc_cat=111&amp;_nc_ohc=NQjwypf7t2UAX9gu-p6&amp;_nc_ht=scontent-dus1-1.xx&amp;_nc_tp=1002&amp;oh=ff6530a11e011679f4e52dc06030a458&amp;oe=5E8F13FC\" \/><\/div>\n<\/div>\n<\/div>\n<\/div>\n<\/div>\n","protected":false},"excerpt":{"rendered":"<p>Aktuelles 2021 &#8211; S\u00f6derhof (soederhof.de)Frohes neues Jahr! &nbsp; 6. November 2020 Der 3-j\u00e4hrige Trakehnerhengst Grenoble hat erfolgreich seinen 100-Tage-Test abgelegt und steht den Z\u00fcchtern damit ab sofort uneingeschr\u00e4nkt \u00fcber Frischsamen und TG zur Verf\u00fcgung! &nbsp; &nbsp; 4. November 2020 Wir&#8230; <a href=\"https:\/\/eu-besamungsstation.soederhof.de\/en\/aktuelles-2020\/\" class=\"readmore\">Read more<span class=\"screen-reader-text\">Aktuelles 2020<\/span><span class=\"fa fa-angle-double-right\" aria-hidden=\"true\"><\/span><\/a><\/p>\n","protected":false},"author":2,"featured_media":0,"parent":0,"menu_order":0,"comment_status":"closed","ping_status":"closed","template":"","meta":{"footnotes":""},"class_list":["post-443","page","type-page","status-publish","hentry"],"translation":{"provider":"WPGlobus","version":"3.0.0","language":"en","enabled_languages":["de","en"],"languages":{"de":{"title":true,"content":true,"excerpt":false},"en":{"title":false,"content":false,"excerpt":false}}},"yoast_head":"<!-- This site is optimized with the Yoast SEO plugin v26.6 - https:\/\/yoast.com\/wordpress\/plugins\/seo\/ -->\n<title>Aktuelles 2020 - S\u00f6derhof<\/title>\n<meta name=\"robots\" content=\"index, follow, max-snippet:-1, max-image-preview:large, max-video-preview:-1\" \/>\n<link rel=\"canonical\" href=\"https:\/\/eu-besamungsstation.soederhof.de\/aktuelles-2020\/\" \/>\n<meta property=\"og:locale\" content=\"en_US\" \/>\n<meta property=\"og:type\" content=\"article\" \/>\n<meta property=\"og:title\" content=\"Aktuelles 2020 - S\u00f6derhof\" \/>\n<meta property=\"og:url\" content=\"https:\/\/eu-besamungsstation.soederhof.de\/aktuelles-2020\/\" \/>\n<meta property=\"og:site_name\" content=\"S\u00f6derhof\" \/>\n<meta property=\"article:modified_time\" content=\"2021-01-13T11:04:51+00:00\" \/>\n<meta property=\"og:image\" content=\"https:\/\/eu-besamungsstation.soederhof.de\/wp-content\/uploads\/2020\/03\/Grenoble-Box-300x300.jpg\" \/>\n<meta name=\"twitter:card\" content=\"summary_large_image\" \/>\n<meta name=\"twitter:label1\" content=\"Est. reading time\" \/>\n\t<meta name=\"twitter:data1\" content=\"10 minutes\" \/>\n<script type=\"application\/ld+json\" class=\"yoast-schema-graph\">{\"@context\":\"https:\/\/schema.org\",\"@graph\":[{\"@type\":\"WebPage\",\"@id\":\"https:\/\/eu-besamungsstation.soederhof.de\/aktuelles-2020\/\",\"url\":\"https:\/\/eu-besamungsstation.soederhof.de\/aktuelles-2020\/\",\"name\":\"Aktuelles 2020 - S\u00f6derhof\",\"isPartOf\":{\"@id\":\"https:\/\/eu-besamungsstation.soederhof.de\/#website\"},\"primaryImageOfPage\":{\"@id\":\"https:\/\/eu-besamungsstation.soederhof.de\/aktuelles-2020\/#primaryimage\"},\"image\":{\"@id\":\"https:\/\/eu-besamungsstation.soederhof.de\/aktuelles-2020\/#primaryimage\"},\"thumbnailUrl\":\"https:\/\/eu-besamungsstation.soederhof.de\/wp-content\/uploads\/2020\/03\/Grenoble-Box-300x300.jpg\",\"datePublished\":\"2017-12-04T08:46:49+00:00\",\"dateModified\":\"2021-01-13T11:04:51+00:00\",\"description\":\"\\\"Die Adresse f\u00fcr Edelblut\\\" - EU-Besamungsstation - Zucht- und Ausbildungsstall\",\"breadcrumb\":{\"@id\":\"https:\/\/eu-besamungsstation.soederhof.de\/aktuelles-2020\/#breadcrumb\"},\"inLanguage\":\"en-US\",\"potentialAction\":[{\"@type\":\"ReadAction\",\"target\":[\"https:\/\/eu-besamungsstation.soederhof.de\/aktuelles-2020\/\"]}]},{\"@type\":\"ImageObject\",\"inLanguage\":\"en-US\",\"@id\":\"https:\/\/eu-besamungsstation.soederhof.de\/aktuelles-2020\/#primaryimage\",\"url\":\"https:\/\/eu-besamungsstation.soederhof.de\/wp-content\/uploads\/2020\/03\/Grenoble-Box-300x300.jpg\",\"contentUrl\":\"https:\/\/eu-besamungsstation.soederhof.de\/wp-content\/uploads\/2020\/03\/Grenoble-Box-300x300.jpg\"},{\"@type\":\"BreadcrumbList\",\"@id\":\"https:\/\/eu-besamungsstation.soederhof.de\/aktuelles-2020\/#breadcrumb\",\"itemListElement\":[{\"@type\":\"ListItem\",\"position\":1,\"name\":\"Startseite\",\"item\":\"https:\/\/eu-besamungsstation.soederhof.de\/\"},{\"@type\":\"ListItem\",\"position\":2,\"name\":\"Aktuelles 2020\"}]},{\"@type\":\"WebSite\",\"@id\":\"https:\/\/eu-besamungsstation.soederhof.de\/#website\",\"url\":\"https:\/\/eu-besamungsstation.soederhof.de\/\",\"name\":\"S\u00f6derhof\",\"description\":\"Die Adresse f\u00fcr Edelblut\",\"publisher\":{\"@id\":\"https:\/\/eu-besamungsstation.soederhof.de\/#organization\"},\"potentialAction\":[{\"@type\":\"SearchAction\",\"target\":{\"@type\":\"EntryPoint\",\"urlTemplate\":\"https:\/\/eu-besamungsstation.soederhof.de\/?s={search_term_string}\"},\"query-input\":{\"@type\":\"PropertyValueSpecification\",\"valueRequired\":true,\"valueName\":\"search_term_string\"}}],\"inLanguage\":\"en-US\"},{\"@type\":\"Organization\",\"@id\":\"https:\/\/eu-besamungsstation.soederhof.de\/#organization\",\"name\":\"S\u00f6derhof\",\"url\":\"https:\/\/eu-besamungsstation.soederhof.de\/\",\"logo\":{\"@type\":\"ImageObject\",\"inLanguage\":\"en-US\",\"@id\":\"https:\/\/eu-besamungsstation.soederhof.de\/#\/schema\/logo\/image\/\",\"url\":\"https:\/\/www.soederhof.de\/wp-content\/uploads\/2020\/01\/logo.png\",\"contentUrl\":\"https:\/\/www.soederhof.de\/wp-content\/uploads\/2020\/01\/logo.png\",\"width\":369,\"height\":166,\"caption\":\"S\u00f6derhof\"},\"image\":{\"@id\":\"https:\/\/eu-besamungsstation.soederhof.de\/#\/schema\/logo\/image\/\"}}]}<\/script>\n<!-- \/ Yoast SEO plugin. -->","yoast_head_json":{"title":"Aktuelles 2020 - S\u00f6derhof","robots":{"index":"index","follow":"follow","max-snippet":"max-snippet:-1","max-image-preview":"max-image-preview:large","max-video-preview":"max-video-preview:-1"},"canonical":"https:\/\/eu-besamungsstation.soederhof.de\/aktuelles-2020\/","og_locale":"en_US","og_type":"article","og_title":"Aktuelles 2020 - S\u00f6derhof","og_url":"https:\/\/eu-besamungsstation.soederhof.de\/aktuelles-2020\/","og_site_name":"S\u00f6derhof","article_modified_time":"2021-01-13T11:04:51+00:00","og_image":[{"url":"https:\/\/eu-besamungsstation.soederhof.de\/wp-content\/uploads\/2020\/03\/Grenoble-Box-300x300.jpg","type":"","width":"","height":""}],"twitter_card":"summary_large_image","twitter_misc":{"Est. reading time":"10 minutes"},"schema":{"@context":"https:\/\/schema.org","@graph":[{"@type":"WebPage","@id":"https:\/\/eu-besamungsstation.soederhof.de\/aktuelles-2020\/","url":"https:\/\/eu-besamungsstation.soederhof.de\/aktuelles-2020\/","name":"Aktuelles 2020 - S\u00f6derhof","isPartOf":{"@id":"https:\/\/eu-besamungsstation.soederhof.de\/#website"},"primaryImageOfPage":{"@id":"https:\/\/eu-besamungsstation.soederhof.de\/aktuelles-2020\/#primaryimage"},"image":{"@id":"https:\/\/eu-besamungsstation.soederhof.de\/aktuelles-2020\/#primaryimage"},"thumbnailUrl":"https:\/\/eu-besamungsstation.soederhof.de\/wp-content\/uploads\/2020\/03\/Grenoble-Box-300x300.jpg","datePublished":"2017-12-04T08:46:49+00:00","dateModified":"2021-01-13T11:04:51+00:00","description":"\"Die Adresse f\u00fcr Edelblut\" - EU-Besamungsstation - Zucht- und Ausbildungsstall","breadcrumb":{"@id":"https:\/\/eu-besamungsstation.soederhof.de\/aktuelles-2020\/#breadcrumb"},"inLanguage":"en-US","potentialAction":[{"@type":"ReadAction","target":["https:\/\/eu-besamungsstation.soederhof.de\/aktuelles-2020\/"]}]},{"@type":"ImageObject","inLanguage":"en-US","@id":"https:\/\/eu-besamungsstation.soederhof.de\/aktuelles-2020\/#primaryimage","url":"https:\/\/eu-besamungsstation.soederhof.de\/wp-content\/uploads\/2020\/03\/Grenoble-Box-300x300.jpg","contentUrl":"https:\/\/eu-besamungsstation.soederhof.de\/wp-content\/uploads\/2020\/03\/Grenoble-Box-300x300.jpg"},{"@type":"BreadcrumbList","@id":"https:\/\/eu-besamungsstation.soederhof.de\/aktuelles-2020\/#breadcrumb","itemListElement":[{"@type":"ListItem","position":1,"name":"Startseite","item":"https:\/\/eu-besamungsstation.soederhof.de\/"},{"@type":"ListItem","position":2,"name":"Aktuelles 2020"}]},{"@type":"WebSite","@id":"https:\/\/eu-besamungsstation.soederhof.de\/#website","url":"https:\/\/eu-besamungsstation.soederhof.de\/","name":"S\u00f6derhof","description":"Die Adresse f\u00fcr Edelblut","publisher":{"@id":"https:\/\/eu-besamungsstation.soederhof.de\/#organization"},"potentialAction":[{"@type":"SearchAction","target":{"@type":"EntryPoint","urlTemplate":"https:\/\/eu-besamungsstation.soederhof.de\/?s={search_term_string}"},"query-input":{"@type":"PropertyValueSpecification","valueRequired":true,"valueName":"search_term_string"}}],"inLanguage":"en-US"},{"@type":"Organization","@id":"https:\/\/eu-besamungsstation.soederhof.de\/#organization","name":"S\u00f6derhof","url":"https:\/\/eu-besamungsstation.soederhof.de\/","logo":{"@type":"ImageObject","inLanguage":"en-US","@id":"https:\/\/eu-besamungsstation.soederhof.de\/#\/schema\/logo\/image\/","url":"https:\/\/www.soederhof.de\/wp-content\/uploads\/2020\/01\/logo.png","contentUrl":"https:\/\/www.soederhof.de\/wp-content\/uploads\/2020\/01\/logo.png","width":369,"height":166,"caption":"S\u00f6derhof"},"image":{"@id":"https:\/\/eu-besamungsstation.soederhof.de\/#\/schema\/logo\/image\/"}}]}},"_links":{"self":[{"href":"https:\/\/eu-besamungsstation.soederhof.de\/en\/wp-json\/wp\/v2\/pages\/443","targetHints":{"allow":["GET"]}}],"collection":[{"href":"https:\/\/eu-besamungsstation.soederhof.de\/en\/wp-json\/wp\/v2\/pages"}],"about":[{"href":"https:\/\/eu-besamungsstation.soederhof.de\/en\/wp-json\/wp\/v2\/types\/page"}],"author":[{"embeddable":true,"href":"https:\/\/eu-besamungsstation.soederhof.de\/en\/wp-json\/wp\/v2\/users\/2"}],"replies":[{"embeddable":true,"href":"https:\/\/eu-besamungsstation.soederhof.de\/en\/wp-json\/wp\/v2\/comments?post=443"}],"version-history":[{"count":197,"href":"https:\/\/eu-besamungsstation.soederhof.de\/en\/wp-json\/wp\/v2\/pages\/443\/revisions"}],"predecessor-version":[{"id":2426,"href":"https:\/\/eu-besamungsstation.soederhof.de\/en\/wp-json\/wp\/v2\/pages\/443\/revisions\/2426"}],"wp:attachment":[{"href":"https:\/\/eu-besamungsstation.soederhof.de\/en\/wp-json\/wp\/v2\/media?parent=443"}],"curies":[{"name":"wp","href":"https:\/\/api.w.org\/{rel}","templated":true}]}}